{"id":2628,"date":"2024-10-31T09:36:45","date_gmt":"2024-10-31T09:36:45","guid":{"rendered":"https:\/\/martiresparroquiasanpiox.org\/livres\/"},"modified":"2024-11-07T14:53:38","modified_gmt":"2024-11-07T14:53:38","slug":"livres","status":"publish","type":"page","link":"https:\/\/martiresparroquiasanpiox.org\/fr\/martyres\/livres\/","title":{"rendered":"Livres"},"content":{"rendered":"\n<blockquote class=\"wp-block-quote is-layout-flow wp-block-quote-is-layout-flow\">\n<p>Deux livres sont en pr\u00e9paration : l&rsquo;un rassemble la contribution des lettres r\u00e9cemment d\u00e9couvertes de la famille Ferragud, et l&rsquo;autre est une bande dessin\u00e9e de qualit\u00e9 notable. Leur publication sera annonc\u00e9e.<\/p>\n<\/blockquote>\n\n<h5 class=\"wp-block-heading has-text-align-center\">Livres gratuits au format num\u00e9rique disponibles sur ce site<\/h5>\n\n<div style=\"height:40px\" aria-hidden=\"true\" class=\"wp-block-spacer\"><\/div>\n\n<p>\u00c0 don Jos\u00e9 Mar\u00eda Alonso Bonet a \u00e9t\u00e9 confi\u00e9e la paroisse de San P\u00edo X d&rsquo;Algemes\u00ed ; il en fut le premier titulaire, fonction qu&rsquo;il exer\u00e7a pendant dix ans, de 1953 \u00e0 1963. Dans le temple de cette paroisse reposent actuellement les cinq martyres. Ce pr\u00eatre a r\u00e9dig\u00e9 un document, durant la p\u00e9riode o\u00f9 il exer\u00e7ait son minist\u00e8re dans cette paroisse, dans lequel il raconte les \u00e9v\u00e9nements relatifs \u00e0 cette famille. Nous proposons ici les photos de ce document.<\/p>\n\n<div style=\"height:40px\" aria-hidden=\"true\" class=\"wp-block-spacer\"><\/div>\n<div class=\"wp-block-image\">\n<figure class=\"aligncenter size-full\"><a href=\"https:\/\/martiresparroquiasanpiox.org\/wp-content\/uploads\/2024\/09\/01-Maria-Teresa-y-sus-hijas-Martires-Algemesi-Jose-Maria-Alonso-Bonet.pdf\" target=\"_blank\" rel=\"noreferrer noopener\"><img loading=\"lazy\" decoding=\"async\" width=\"128\" height=\"128\" src=\"https:\/\/martiresparroquiasanpiox.org\/wp-content\/uploads\/2024\/09\/icopdf.png\" alt=\"Marie Th&#xE9;r&#xE8;se et ses Filles Martyres - Paroisse Saint Pie X d'Algemes&#xED;, Valence - Ic&#xF4;ne PDF Adobe Reader\" class=\"wp-image-687\" \/><\/a><\/figure>\n<\/div>\n<p class=\"has-text-align-center\">Taille du fichier : 78,8 Mo<\/p>\n\n<div style=\"height:40px\" aria-hidden=\"true\" class=\"wp-block-spacer\"><\/div>\n\n<p>D. Ram\u00f3n Fita Revert, d\u00e9l\u00e9gu\u00e9 pour les causes des saints du dioc\u00e8se de Valence, a \u00e9labor\u00e9 en 1999 un portrait biographique de la Bienheureuse Mar\u00eda Teresa Ferragud Roig en pr\u00e9paration \u00e0 sa b\u00e9atification \u00e0 Rome. Il n&rsquo;a pas \u00e9t\u00e9 imprim\u00e9 \u00e0 l&rsquo;\u00e9poque, Dieu sait pourquoi. Il nous offre aimablement le texte sur cette page web.<\/p>\n\n<div style=\"height:40px\" aria-hidden=\"true\" class=\"wp-block-spacer\"><\/div>\n<div class=\"wp-block-image\">\n<figure class=\"aligncenter size-full\"><a href=\"https:\/\/martiresparroquiasanpiox.org\/wp-content\/uploads\/2024\/09\/02-Ferragud-Roig-Folleto-R-Fita-traducido.pdf\" target=\"_blank\" rel=\"noreferrer noopener\"><img loading=\"lazy\" decoding=\"async\" width=\"128\" height=\"128\" src=\"https:\/\/martiresparroquiasanpiox.org\/wp-content\/uploads\/2024\/09\/icopdf.png\" alt=\"Marie Th&#xE9;r&#xE8;se et ses Filles Martyres - Paroisse Saint Pie X d'Algemes&#xED;, Valence - Ic&#xF4;ne PDF Adobe Reader\" class=\"wp-image-687\" \/><\/a><\/figure>\n<\/div>\n<p class=\"has-text-align-center\">Taille du fichier : 256 Ko<\/p>\n\n<div style=\"height:40px\" aria-hidden=\"true\" class=\"wp-block-spacer\"><\/div>\n\n<p>Nous offrons \u00e9galement le texte du Bulletin de l&rsquo;Archev\u00each\u00e9 de Valence, num\u00e9ro extraordinaire, qui a \u00e9t\u00e9 publi\u00e9 \u00e0 l&rsquo;occasion de la b\u00e9atification \u00e0 Rome de 232 martyrs, le 11 mars 2001.<\/p>\n\n<div style=\"height:40px\" aria-hidden=\"true\" class=\"wp-block-spacer\"><\/div>\n<div class=\"wp-block-image\">\n<figure class=\"aligncenter size-full\"><a href=\"https:\/\/martiresparroquiasanpiox.org\/wp-content\/uploads\/2024\/09\/03-Boletin-Martires-beatificados-3.pdf\" target=\"_blank\" rel=\"noreferrer noopener\"><img loading=\"lazy\" decoding=\"async\" width=\"128\" height=\"128\" src=\"https:\/\/martiresparroquiasanpiox.org\/wp-content\/uploads\/2024\/09\/icopdf.png\" alt=\"Marie Th&#xE9;r&#xE8;se et ses Filles Martyres - Paroisse Saint Pie X d'Algemes&#xED;, Valence - Ic&#xF4;ne PDF Adobe Reader\" class=\"wp-image-687\" \/><\/a><\/figure>\n<\/div>\n<p class=\"has-text-align-center\">Taille du fichier : 1,14 Mo<\/p>\n\n<div style=\"height:40px\" aria-hidden=\"true\" class=\"wp-block-spacer\"><\/div>\n<div class=\"wp-block-image\">\n<figure class=\"aligncenter size-large\"><img loading=\"lazy\" decoding=\"async\" width=\"608\" height=\"1024\" src=\"https:\/\/martiresparroquiasanpiox.org\/wp-content\/uploads\/2024\/09\/maria-teresa-y-sus-hijas-martires-estampa-608x1024.png\" alt=\"Marie Th&#xE9;r&#xE8;se et ses Filles Martyres - Paroisse Saint Pie X d'Algemes&#xED;, Valence - Estampe\" class=\"wp-image-699\" srcset=\"https:\/\/martiresparroquiasanpiox.org\/wp-content\/uploads\/2024\/09\/maria-teresa-y-sus-hijas-martires-estampa-608x1024.png 608w, https:\/\/martiresparroquiasanpiox.org\/wp-content\/uploads\/2024\/09\/maria-teresa-y-sus-hijas-martires-estampa-178x300.png 178w, https:\/\/martiresparroquiasanpiox.org\/wp-content\/uploads\/2024\/09\/maria-teresa-y-sus-hijas-martires-estampa.png 641w\" sizes=\"auto, (max-width: 608px) 100vw, 608px\" \/><\/figure>\n<\/div>\n<div style=\"height:40px\" aria-hidden=\"true\" class=\"wp-block-spacer\"><\/div>\n\n<p>Un petit livre a \u00e9t\u00e9 publi\u00e9 sur ces martyres apr\u00e8s leur b\u00e9atification : *\u00c0 la fin, l&rsquo;amour a triomph\u00e9. Famille Masi\u00e1 Ferragud*, Mudarra Blanco, C., Alicante (2002). En raison de la difficult\u00e9 de le trouver actuellement, l&rsquo;auteur a bien voulu que nous le fassions conna\u00eetre sur cette page web, avec un acc\u00e8s libre et t\u00e9l\u00e9chargeable.<\/p>\n\n<div style=\"height:40px\" aria-hidden=\"true\" class=\"wp-block-spacer\"><\/div>\n<div class=\"wp-block-image\">\n<figure class=\"aligncenter size-full\"><a href=\"https:\/\/martiresparroquiasanpiox.org\/wp-content\/uploads\/2024\/09\/04-Al-final-triunfo-el-amor.pdf\" target=\"_blank\" rel=\"noreferrer noopener\"><img loading=\"lazy\" decoding=\"async\" width=\"128\" height=\"128\" src=\"https:\/\/martiresparroquiasanpiox.org\/wp-content\/uploads\/2024\/09\/icopdf.png\" alt=\"Marie Th&#xE9;r&#xE8;se et ses Filles Martyres - Paroisse Saint Pie X d'Algemes&#xED;, Valence - Ic&#xF4;ne PDF Adobe Reader\" class=\"wp-image-687\" \/><\/a><\/figure>\n<\/div>\n<p class=\"has-text-align-center\">Taille du fichier : 136 Mo<\/p>\n\n<div style=\"height:40px\" aria-hidden=\"true\" class=\"wp-block-spacer\"><\/div>\n\n<p>Parmi les filles martyres, nous avons sur Josefa le livre : *Bienheureuse Josefa de la Purificaci\u00f3n Masi\u00e1 Ferragud, Augustine d\u00e9chauss\u00e9e, martyre. Algemes\u00ed, 1887 &#8211; Creu Coberta d&rsquo;Alzira, 1936*, Ferri Chulio, A., Sueca (2005). Nous offrons un acc\u00e8s libre sur cette page web, gr\u00e2ce \u00e0 la g\u00e9n\u00e9rosit\u00e9 de son auteur.<\/p>\n\n<div style=\"height:40px\" aria-hidden=\"true\" class=\"wp-block-spacer\"><\/div>\n<div class=\"wp-block-image\">\n<figure class=\"aligncenter size-full\"><a href=\"https:\/\/martiresparroquiasanpiox.org\/wp-content\/uploads\/2024\/09\/05-Josefa-Masia-libro.pdf\" target=\"_blank\" rel=\"noreferrer noopener\"><img loading=\"lazy\" decoding=\"async\" width=\"128\" height=\"128\" src=\"https:\/\/martiresparroquiasanpiox.org\/wp-content\/uploads\/2024\/09\/icopdf.png\" alt=\"Marie Th&#xE9;r&#xE8;se et ses Filles Martyres - Paroisse Saint Pie X d'Algemes&#xED;, Valence - Ic&#xF4;ne PDF Adobe Reader\" class=\"wp-image-687\" \/><\/a><\/figure>\n<\/div>\n<p class=\"has-text-align-center\">Taille du fichier : 69,1 Mo<\/p>\n\n<div style=\"height:40px\" aria-hidden=\"true\" class=\"wp-block-spacer\"><\/div>\n\n<h6 class=\"wp-block-heading\">Un livre est en pr\u00e9paration qui rassemble la contribution des lettres r\u00e9cemment d\u00e9couvertes de la famille Ferragud, dont la publication sera annonc\u00e9e.<\/h6>\n\n<div style=\"height:40px\" aria-hidden=\"true\" class=\"wp-block-spacer\"><\/div>\n","protected":false},"excerpt":{"rendered":"<p>Deux livres sont en pr\u00e9paration : l&rsquo;un rassemble la contribution des lettres r\u00e9cemment d\u00e9couvertes de la famille Ferragud, et l&rsquo;autre est une bande dessin\u00e9e de &hellip;<\/p>\n","protected":false},"author":1,"featured_media":668,"parent":3060,"menu_order":0,"comment_status":"closed","ping_status":"closed","template":"","meta":{"footnotes":""},"class_list":["post-2628","page","type-page","status-publish","has-post-thumbnail","hentry"],"_links":{"self":[{"href":"https:\/\/martiresparroquiasanpiox.org\/fr\/wp-json\/wp\/v2\/pages\/2628","targetHints":{"allow":["GET"]}}],"collection":[{"href":"https:\/\/martiresparroquiasanpiox.org\/fr\/wp-json\/wp\/v2\/pages"}],"about":[{"href":"https:\/\/martiresparroquiasanpiox.org\/fr\/wp-json\/wp\/v2\/types\/page"}],"author":[{"embeddable":true,"href":"https:\/\/martiresparroquiasanpiox.org\/fr\/wp-json\/wp\/v2\/users\/1"}],"replies":[{"embeddable":true,"href":"https:\/\/martiresparroquiasanpiox.org\/fr\/wp-json\/wp\/v2\/comments?post=2628"}],"version-history":[{"count":1,"href":"https:\/\/martiresparroquiasanpiox.org\/fr\/wp-json\/wp\/v2\/pages\/2628\/revisions"}],"predecessor-version":[{"id":2629,"href":"https:\/\/martiresparroquiasanpiox.org\/fr\/wp-json\/wp\/v2\/pages\/2628\/revisions\/2629"}],"up":[{"embeddable":true,"href":"https:\/\/martiresparroquiasanpiox.org\/fr\/wp-json\/wp\/v2\/pages\/3060"}],"wp:featuredmedia":[{"embeddable":true,"href":"https:\/\/martiresparroquiasanpiox.org\/fr\/wp-json\/wp\/v2\/media\/668"}],"wp:attachment":[{"href":"https:\/\/martiresparroquiasanpiox.org\/fr\/wp-json\/wp\/v2\/media?parent=2628"}],"curies":[{"name":"wp","href":"https:\/\/api.w.org\/{rel}","templated":true}]}}