{"id":3197,"date":"2024-11-21T10:24:18","date_gmt":"2024-11-21T10:24:18","guid":{"rendered":"https:\/\/martiresparroquiasanpiox.org\/martyres\/cantique-en-lhonneur-des-bienheureuses\/"},"modified":"2024-11-21T10:24:19","modified_gmt":"2024-11-21T10:24:19","slug":"cantique-en-lhonneur-des-bienheureuses","status":"publish","type":"page","link":"https:\/\/martiresparroquiasanpiox.org\/fr\/martyres\/cantique-en-lhonneur-des-bienheureuses\/","title":{"rendered":"Cantique en l&rsquo;honneur des Bienheureuses"},"content":{"rendered":"\n<h2 class=\"wp-block-heading has-text-align-center\">\u201cCaptur\u00e9es et emmen\u00e9es \u00e0 mourir\u201d<\/h2>\n\n<div style=\"height:40px\" aria-hidden=\"true\" class=\"wp-block-spacer\"><\/div>\n\n<h6 class=\"wp-block-heading has-text-align-center\">Cantique de Mar\u00eda Teresa et de ses filles, Bienheureuses Martyres de la paroisse Saint Pie X (Algemes\u00ed)<\/h6>\n\n<div style=\"height:40px\" aria-hidden=\"true\" class=\"wp-block-spacer\"><\/div>\n\n<figure class=\"wp-block-audio aligncenter\"><audio controls=\"\" src=\"https:\/\/martiresparroquiasanpiox.org\/wp-content\/uploads\/2024\/09\/Cantico-en-honor-de-las-Beatas-Martires-de-Algemesi.mp3\"><\/audio><\/figure>\n\n<div style=\"height:40px\" aria-hidden=\"true\" class=\"wp-block-spacer\"><\/div>\n\n<p class=\"has-text-align-center\">Captur\u00e9es<sup>(1)<\/sup> et emmen\u00e9es \u00e0 mourir,<\/p>\n\n<p class=\"has-text-align-center\">Maria Teresa et ses filles :<\/p>\n\n<p class=\"has-text-align-center\">Josefina, Mar\u00eda Jes\u00fas, Ver\u00f3nica, Felicidad.<\/p>\n\n<p class=\"has-text-align-center\">Ne craignez pas ces bourreaux,<\/p>\n\n<p class=\"has-text-align-center\">Soyez dignes de votre vocation.<\/p>\n\n<p class=\"has-text-align-center\">Nous avons un Roi qui nous aime,<\/p>\n\n<p class=\"has-text-align-center\">La mort ne nous s\u00e9parera pas de Lui.<\/p>\n\n<div style=\"height:40px\" aria-hidden=\"true\" class=\"wp-block-spacer\"><\/div>\n\n<p class=\"has-text-align-center\">Ne craignez pas ces bourreaux<sup>(2)<\/sup>,<\/p>\n\n<p class=\"has-text-align-center\">Soyez dignes de votre vocation.<\/p>\n\n<p class=\"has-text-align-center\">Nous avons un Roi qui nous aime,<\/p>\n\n<p class=\"has-text-align-center\">La mort ne nous s\u00e9parera pas de Lui.<\/p>\n\n<div style=\"height:40px\" aria-hidden=\"true\" class=\"wp-block-spacer\"><\/div>\n\n<p class=\"has-text-align-center\">Le Seigneur Dieu veille et aura piti\u00e9 de nous<sup>(3)<\/sup><\/p>\n\n<p class=\"has-text-align-center\">Le Seigneur Dieu veille et aura piti\u00e9 de nous,<\/p>\n\n<p class=\"has-text-align-center\">Le Seigneur Dieu veille et aura piti\u00e9 de nous,<\/p>\n\n<div style=\"height:40px\" aria-hidden=\"true\" class=\"wp-block-spacer\"><\/div>\n\n<p class=\"has-text-align-center\">Cette m\u00e8re <sup>(4)<\/sup>, en voyant mourir ses filles,<\/p>\n\n<p class=\"has-text-align-center\">Souffrait courageusement,<\/p>\n\n<p class=\"has-text-align-center\">Car elle avait mis son esp\u00e9rance en le Seigneur,<\/p>\n\n<div style=\"height:40px\" aria-hidden=\"true\" class=\"wp-block-spacer\"><\/div>\n\n<p class=\"has-text-align-center\">Car elle avait mis son esp\u00e9rance en le Seigneur.<\/p>\n\n<div style=\"height:40px\" aria-hidden=\"true\" class=\"wp-block-spacer\"><\/div>\n\n<p class=\"has-text-align-center\">Courage ! Courage ! Ayez piti\u00e9 de moi&#8230; regardez le ciel <sup>(5)<\/sup>,<\/p>\n\n<p class=\"has-text-align-center\">Courage ! Courage ! Ayez piti\u00e9 de moi&#8230; regardez le ciel,<\/p>\n\n<p class=\"has-text-align-center\">Regardez le ciel.<\/p>\n\n<h5 class=\"wp-block-heading has-text-align-center\">Cantique bas\u00e9 sur \u00ab Le martyre des sept fr\u00e8res \u00bb<\/h5>\n\n<p class=\"has-text-align-center\">2e Livre des Maccab\u00e9es, chapitre 7&#013;\n(1) 2 Mcb 7,1 (2) 2 Mcb 7,29 (3) 2 Mcb 7,6 (4) 2 Mcb 7,20b (5) 2 Mcb 7,28&#013;\nEn gras CHANTE LE PEUPLE<\/p>\n\n<div style=\"height:40px\" aria-hidden=\"true\" class=\"wp-block-spacer\"><\/div>\n<div class=\"wp-block-image\">\n<figure data-wp-context=\"{&quot;imageId&quot;:&quot;69f2aabcc7e32&quot;}\" data-wp-interactive=\"core\/image\" data-wp-key=\"69f2aabcc7e32\" class=\"aligncenter size-full wp-lightbox-container\"><img loading=\"lazy\" decoding=\"async\" width=\"724\" height=\"640\" data-wp-class--hide=\"state.isContentHidden\" data-wp-class--show=\"state.isContentVisible\" data-wp-init=\"callbacks.setButtonStyles\" data-wp-on--click=\"actions.showLightbox\" data-wp-on--load=\"callbacks.setButtonStyles\" data-wp-on-window--resize=\"callbacks.setButtonStyles\" src=\"https:\/\/martiresparroquiasanpiox.org\/wp-content\/uploads\/2024\/09\/maria-teresa-y-sus-hijas-martires-cantico-Apresadas-y-llevadas-a-morir-acordes.jpg\" alt=\"\" class=\"wp-image-742\" srcset=\"https:\/\/martiresparroquiasanpiox.org\/wp-content\/uploads\/2024\/09\/maria-teresa-y-sus-hijas-martires-cantico-Apresadas-y-llevadas-a-morir-acordes.jpg 724w, https:\/\/martiresparroquiasanpiox.org\/wp-content\/uploads\/2024\/09\/maria-teresa-y-sus-hijas-martires-cantico-Apresadas-y-llevadas-a-morir-acordes-300x265.jpg 300w, https:\/\/martiresparroquiasanpiox.org\/wp-content\/uploads\/2024\/09\/maria-teresa-y-sus-hijas-martires-cantico-Apresadas-y-llevadas-a-morir-acordes-339x300.jpg 339w\" sizes=\"auto, (max-width: 724px) 100vw, 724px\" \/><button\n\t\t\tclass=\"lightbox-trigger\"\n\t\t\ttype=\"button\"\n\t\t\taria-haspopup=\"dialog\"\n\t\t\taria-label=\"Agrandir\"\n\t\t\tdata-wp-init=\"callbacks.initTriggerButton\"\n\t\t\tdata-wp-on--click=\"actions.showLightbox\"\n\t\t\tdata-wp-style--right=\"state.imageButtonRight\"\n\t\t\tdata-wp-style--top=\"state.imageButtonTop\"\n\t\t>\n\t\t\t<svg xmlns=\"http:\/\/www.w3.org\/2000\/svg\" width=\"12\" height=\"12\" fill=\"none\" viewBox=\"0 0 12 12\">\n\t\t\t\t<path fill=\"#fff\" d=\"M2 0a2 2 0 0 0-2 2v2h1.5V2a.5.5 0 0 1 .5-.5h2V0H2Zm2 10.5H2a.5.5 0 0 1-.5-.5V8H0v2a2 2 0 0 0 2 2h2v-1.5ZM8 12v-1.5h2a.5.5 0 0 0 .5-.5V8H12v2a2 2 0 0 1-2 2H8Zm2-12a2 2 0 0 1 2 2v2h-1.5V2a.5.5 0 0 0-.5-.5H8V0h2Z\" \/>\n\t\t\t<\/svg>\n\t\t<\/button><\/figure>\n<\/div>\n<div style=\"height:40px\" aria-hidden=\"true\" class=\"wp-block-spacer\"><\/div>\n\n<div class=\"wp-block-columns are-vertically-aligned-center is-layout-flex wp-container-core-columns-is-layout-9d6595d7 wp-block-columns-is-layout-flex\">\n<div class=\"wp-block-column is-vertically-aligned-center is-layout-flow wp-block-column-is-layout-flow\"><div class=\"wp-block-image\">\n<figure class=\"aligncenter size-full is-resized\"><a href=\"https:\/\/martiresparroquiasanpiox.org\/wp-content\/uploads\/2024\/09\/maria-teresa-y-sus-hijas-martires-cantico-Apresadas-y-llevadas-a-morir-monicion.pdf\" target=\"_blank\" rel=\"noreferrer noopener\"><img loading=\"lazy\" decoding=\"async\" width=\"128\" height=\"128\" src=\"https:\/\/martiresparroquiasanpiox.org\/wp-content\/uploads\/2024\/09\/icopdf.png\" alt=\"Marie Th&#xE9;r&#xE8;se et ses Filles Martyres - Paroisse Saint Pie X d'Algemes&#xED;, Valence - Ic&#xF4;ne PDF Adobe Reader\" class=\"wp-image-687\" style=\"width:128px;height:auto\" \/><\/a><\/figure>\n<\/div>\n\n\n<p class=\"has-text-align-center\">Monition<\/p>\n<\/div>\n\n\n\n<div class=\"wp-block-column is-vertically-aligned-center is-layout-flow wp-block-column-is-layout-flow\"><div class=\"wp-block-image\">\n<figure class=\"aligncenter size-full\"><a href=\"https:\/\/martiresparroquiasanpiox.org\/wp-content\/uploads\/2024\/09\/maria-teresa-y-sus-hijas-martires-cantico-Apresadas-y-llevadas-a-morir-acordes.pdf\" target=\"_blank\" rel=\"noreferrer noopener\"><img loading=\"lazy\" decoding=\"async\" width=\"128\" height=\"128\" src=\"https:\/\/martiresparroquiasanpiox.org\/wp-content\/uploads\/2024\/09\/icopdf.png\" alt=\"Marie Th&#xE9;r&#xE8;se et ses Filles Martyres - Paroisse Saint Pie X d'Algemes&#xED;, Valence - Ic&#xF4;ne PDF Adobe Reader\" class=\"wp-image-687\" \/><\/a><\/figure>\n<\/div>\n\n\n<p class=\"has-text-align-center\">Accords<\/p>\n<\/div>\n\n\n\n<div class=\"wp-block-column is-vertically-aligned-center is-layout-flow wp-block-column-is-layout-flow\"><div class=\"wp-block-image\">\n<figure class=\"aligncenter size-full\"><a href=\"https:\/\/martiresparroquiasanpiox.org\/wp-content\/uploads\/2024\/09\/maria-teresa-y-sus-hijas-martires-cantico-Apresadas-y-llevadas-a-morir-acordes-rev.2018.pdf\" target=\"_blank\" rel=\"noreferrer noopener\"><img loading=\"lazy\" decoding=\"async\" width=\"128\" height=\"128\" src=\"https:\/\/martiresparroquiasanpiox.org\/wp-content\/uploads\/2024\/09\/icopdf.png\" alt=\"Marie Th&#xE9;r&#xE8;se et ses Filles Martyres - Paroisse Saint Pie X d'Algemes&#xED;, Valence - Ic&#xF4;ne PDF Adobe Reader\" class=\"wp-image-687\" \/><\/a><\/figure>\n<\/div>\n\n\n<p class=\"has-text-align-center\">rev.2018<\/p>\n<\/div>\n<\/div>\n\n<div style=\"height:40px\" aria-hidden=\"true\" class=\"wp-block-spacer\"><\/div>\n\n<h5 class=\"wp-block-heading has-text-align-center\">Histoire du Chant<\/h5>\n\n<div style=\"height:40px\" aria-hidden=\"true\" class=\"wp-block-spacer\"><\/div>\n\n<p>Apr\u00e8s la b\u00e9atification des martyres de la paroisse San Pio X d&rsquo;Algemes\u00ed (Valence) en 2001, de nombreux fid\u00e8les de la paroisse demand\u00e8rent \u00e0 pouvoir chanter un hymne en leur honneur. Le cur\u00e9 Jos\u00e9 Luis Cuesta consulta plusieurs paroissiens pour collaborer \u00e0 l&rsquo;id\u00e9e. Une premi\u00e8re chanson fut \u00e9crite, \u00e0 laquelle deux chantres de la paroisse compos\u00e8rent une m\u00e9lodie, donnant ainsi naissance \u00e0 un premier hymne qui attend maintenant d&rsquo;\u00eatre chant\u00e9.<\/p>\n\n<p>En \u00e9t\u00e9 2003, un pr\u00eatre dioc\u00e9sain en mission se joint \u00e0 ces deux chantres. Il est propos\u00e9 de prendre comme mod\u00e8le le martyre des Maccab\u00e9es et de leur m\u00e8re, car ce mod\u00e8le avait \u00e9t\u00e9 soulign\u00e9 par le pape Pie XII apr\u00e8s avoir pris connaissance du r\u00e9cit du martyre de la famille Masi\u00e1.<\/p>\n\n<p>Pendant environ une douzaine de s\u00e9ances, les trois personnes se r\u00e9unissent pour composer un texte bas\u00e9 sur le passage biblique des Maccab\u00e9es et les moments critiques du martyre de ces religieuses et de leur m\u00e8re, o\u00f9 la musique pourrait magnifier chacune des phrases choisies. Lors de ces sessions de cr\u00e9ation musicale et de s\u00e9lection du contenu du chant, il fut \u00e9voqu\u00e9 comment ces moments s&rsquo;\u00e9taient d\u00e9roul\u00e9s, ce que ces \u00e9preuves avaient repr\u00e9sent\u00e9 pour les religieuses et la m\u00e8re, les moments pr\u00e9c\u00e9dant l&rsquo;arrestation, et surtout l&rsquo;extorsion psychologique \u00e0 laquelle elles furent soumises pour tenter de les d\u00e9pouiller de leur condition et les amener \u00e0 renoncer \u00e0 leur dignit\u00e9.<\/p>\n\n<p>Il \u00e9tait impressionnant de constater le parall\u00e9lisme entre la m\u00eame exp\u00e9rience v\u00e9cue par les Maccab\u00e9es, refusant de se soumettre et de perdre leur condition face \u00e0 Nabuchodonosor, et les moments v\u00e9cus par ces martyrs. De plus, d&rsquo;un point de vue existentiel, voyant l&rsquo;amour de Dieu dans l&rsquo;histoire des personnes, et \u00e0 partir de l&rsquo;exp\u00e9rience personnelle du Christ des cr\u00e9ateurs du chant, les phrases cl\u00e9s du chant furent orient\u00e9es vers la foi, l&rsquo;espoir et l&rsquo;amour de Dieu par-dessus tout, m\u00eame la propre vie, \u00e0 l&rsquo;exemple de ces martyrs qui ont donn\u00e9 leur vie par amour pour le Christ.<\/p>\n\n<p>\u00c0 chaque \u00e9tape de la s\u00e9lection du texte et de la musique, il y avait un consensus entre les trois membres du groupe cr\u00e9atif, signe de communion et fond\u00e9 sur l&rsquo;inspiration de chacun des trois, tous ayant une grande exp\u00e9rience dans la psalmodie des hymnes, psaumes et chants inspir\u00e9s.<\/p>\n\n<p>Lors de l&rsquo;une des sessions, dans la maison o\u00f9 ces trois personnes se r\u00e9unissaient, alors qu&rsquo;elles chantaient le chant dans sa version finale, les voisins des maisons voisines se demandaient quel chant si beau \u00e9tait en train d&rsquo;\u00eatre chant\u00e9. Il \u00e9tait \u00e9vident que les phrases et les tonalit\u00e9s musicales se formaient naturellement pour donner de l&rsquo;importance et achever le chant. Le d\u00e9roulement des paroles, les diff\u00e9rents paragraphes du chant et leur message cat\u00e9ch\u00e9tique ont aussi \u00e9t\u00e9 soigneusement \u00e9labor\u00e9s. Ce groupe de personnes a offert ce chant lors des v\u00eapres solennelles \u00e0 la paroisse, le jour de la f\u00eate des martyrs.<\/p>\n\n<p>&#013;\nLors des principales c\u00e9l\u00e9brations de la vie paroissiale, ce chant a \u00e9t\u00e9 interpr\u00e9t\u00e9, et dans<\/p>\n\n<p>les diff\u00e9rentes communaut\u00e9s paroissiales, il est \u00e9galement devenu une pri\u00e8re<\/p>\n\n<p>utilis\u00e9e pour toucher l&rsquo;\u00e2me des fid\u00e8les \u00e0 travers la vie de ces martyrs. Finalement, il a \u00e9t\u00e9 pr\u00e9sent\u00e9 \u00e0 l&rsquo;ensemble de la communaut\u00e9 archipr\u00eatrale d&rsquo;Algemes\u00ed lors du jour du transfert en procession des reliques des martyrs vers la nouvelle paroisse de San P\u00edo X.&#013;\n&#013;\nLors de cette grande c\u00e9r\u00e9monie, qui a d\u00e9but\u00e9 dans la basilique de Saint Jacques l&rsquo;Ap\u00f4tre, le chant a \u00e9t\u00e9 r\u00e9p\u00e9t\u00e9 pendant l&rsquo;accueil des fid\u00e8les, religieux et religieuses venus principalement de l&rsquo;ordre des S\u0153urs Capucines (en provenance d&rsquo;Alicante). Il a \u00e9t\u00e9 proclam\u00e9 et chant\u00e9 lors des v\u00eapres qui ont ouvert cette procession.<\/p>\n\n<p>L&rsquo;anonymat des personnes qui ont fait partie de ce groupe de composition du chant a \u00e9t\u00e9 pr\u00e9serv\u00e9, afin de leur remettre ce chant sans aucun m\u00e9rite personnel, et que ce soit la communaut\u00e9 paroissiale qui, en action de gr\u00e2ce pour le sang vers\u00e9 par ces martyrs, offre cet hymne.<\/p>\n\n<div style=\"height:40px\" aria-hidden=\"true\" class=\"wp-block-spacer\"><\/div>\n\n<h5 class=\"wp-block-heading has-text-align-center\">Le message cat\u00e9ch\u00e9tique de ces martyrs<\/h5>\n\n<div style=\"height:40px\" aria-hidden=\"true\" class=\"wp-block-spacer\"><\/div>\n\n<p class=\"has-text-align-left\">Examinons les parties de ce chant :<\/p>\n\n<h6 class=\"wp-block-heading has-text-align-center\">\u201cAppr\u00e9hend\u00e9es et emmen\u00e9es \u00e0 mourir\u201d<\/h6>\n\n<div style=\"height:40px\" aria-hidden=\"true\" class=\"wp-block-spacer\"><\/div>\n\n<p>Ce titre r\u00e9sume le moment historique et l&rsquo;\u00e9v\u00e9nement qui, pour un chr\u00e9tien, repr\u00e9sente non pas la mort, mais la vie \u00e9ternelle, lorsque le moment du martyre arrive. Il s&rsquo;agit d&rsquo;un chant bas\u00e9 sur le martyre des Maccab\u00e9es, o\u00f9 leur m\u00e8re les encourage dans ce moment de souffrance, tout comme Marie Teresa, qui n&rsquo;a pas permis de laisser ses filles seules et les a accompagn\u00e9es en leur disant qu&rsquo;elle irait l\u00e0 o\u00f9 elles allaient. Voici que Marie Teresa, comme une nouvelle m\u00e8re des Maccab\u00e9es, dans ce chant, exhorte : \u00ab\u00a0N&rsquo;ayez pas peur&#8230;\u00a0\u00bb<\/p>\n\n<div style=\"height:40px\" aria-hidden=\"true\" class=\"wp-block-spacer\"><\/div>\n\n<h6 class=\"wp-block-heading has-text-align-center\">\u201cMarie Th\u00e9r\u00e8se et ses filles : Jos\u00e9phine, Marie J\u00e9sus, V\u00e9ronique et F\u00e9licit\u00e9\u201d<\/h6>\n\n<div style=\"height:40px\" aria-hidden=\"true\" class=\"wp-block-spacer\"><\/div>\n\n<p>Dans ce chant, chaque nom d\u2019elles est r\u00e9cit\u00e9. Car le nom est ce qu&rsquo;il y a de plus important pour une personne et, lorsque nous aimons quelqu&rsquo;un, nous l&rsquo;appelons par son nom. C&rsquo;est ce que la personne pr\u00e9f\u00e8re entendre, que l&rsquo;on parle d&rsquo;elle, qu&rsquo;on prononce son nom. De m\u00eame, Dieu appelle chacun de ses \u00e9lus par leur nom : Abraham, Mo\u00efse, et fait avec eux une histoire impressionnante.<\/p>\n\n<div style=\"height:40px\" aria-hidden=\"true\" class=\"wp-block-spacer\"><\/div>\n\n<h6 class=\"wp-block-heading has-text-align-center\">\u201cN&rsquo;ayez pas peur de ces bourreaux, montrez-vous dignes de votre vocation\u201d<\/h6>\n\n<div style=\"height:40px\" aria-hidden=\"true\" class=\"wp-block-spacer\"><\/div>\n\n<p>C&rsquo;est la m\u00e8re, la nouvelle m\u00e8re des Maccab\u00e9es, qui parle, encourageant et fortifiant dans les moments de souffrance. La dignit\u00e9 de la vocation chr\u00e9tienne est pr\u00e9sent\u00e9e ici, dans ce moment o\u00f9 la foi est mise \u00e0 l&rsquo;\u00e9preuve ; cela implique un sentiment de fermet\u00e9 face \u00e0 la mort. \u00catre digne, pour nous chr\u00e9tiens, repr\u00e9sente un ensemble de choses : la mani\u00e8re de parler, de s&rsquo;habiller, d&rsquo;agir, etc. Cette dignit\u00e9 \u00e0 laquelle nous sommes appel\u00e9s sera mise \u00e0 l&rsquo;\u00e9preuve.<\/p>\n\n<div style=\"height:40px\" aria-hidden=\"true\" class=\"wp-block-spacer\"><\/div>\n\n<h6 class=\"wp-block-heading has-text-align-center\">\u201cNous avons un roi qui nous aime.\u201d<\/h6>\n\n<div style=\"height:40px\" aria-hidden=\"true\" class=\"wp-block-spacer\"><\/div>\n\n<p>Face au roi Nabuchodonosor, qui exigeait la soumission et exigeait d&rsquo;\u00eatre servi, se dresse un Roi qui sert et qui se donne lui-m\u00eame, Christ, qui a donn\u00e9 sa vie pour nous et qui a montr\u00e9 le chemin de l&rsquo;amour : donner sa vie.<\/p>\n\n<div style=\"height:40px\" aria-hidden=\"true\" class=\"wp-block-spacer\"><\/div>\n\n<h6 class=\"wp-block-heading has-text-align-center\">\u201cLa mort ne nous s\u00e9parera pas de Lui.\u201d<\/h6>\n\n<div style=\"height:40px\" aria-hidden=\"true\" class=\"wp-block-spacer\"><\/div>\n\n<p>C&rsquo;est l\u00e0 la foi qui sauve. Et au moment de la mort, elles ne r\u00e9sistent pas au mal. C&rsquo;est pourquoi il est plus important d&rsquo;\u00eatre avec Dieu que de pr\u00e9server sa propre vie. Parce que la mort et la peur de mourir nous soumettent \u00e0 l&rsquo;esclavage toute notre vie, c&rsquo;est-\u00e0-dire \u00e0 ne pas vivre pour la libert\u00e9 des enfants de Dieu.<\/p>\n\n<div style=\"height:40px\" aria-hidden=\"true\" class=\"wp-block-spacer\"><\/div>\n\n<h6 class=\"wp-block-heading has-text-align-center\">\u201cLe Seigneur Dieu veille et aura piti\u00e9 de nous,&#013;\nLe Seigneur Dieu veille et aura piti\u00e9 de nous,&#013;\nLe Seigneur Dieu veille et aura piti\u00e9 de nous.\u201d<\/h6>\n\n<div style=\"height:40px\" aria-hidden=\"true\" class=\"wp-block-spacer\"><\/div>\n\n<p>La premi\u00e8re phrase, chant\u00e9e \u00e0 voix basse, sugg\u00e8re quelque chose que peu de gens connaissent. Certes, seuls les chr\u00e9tiens savent que Dieu veille devant la souffrance, la privation, la pers\u00e9cution, etc. Dans les phrases suivantes, le mot \u00ab\u00a0nous\u00a0\u00bb est chant\u00e9 car nous nous associons \u00e0 la souffrance des martyrs. Le ton monte, chantant de plus en plus fort, comme un signe que la mission du chr\u00e9tien est de le proclamer haut et fort, comme la lumi\u00e8re de la lampe est plac\u00e9e sur le sommet de la maison, et non sous la table.<\/p>\n\n<div style=\"height:40px\" aria-hidden=\"true\" class=\"wp-block-spacer\"><\/div>\n\n<h6 class=\"wp-block-heading has-text-align-center\">\u201cCette m\u00e8re, en voyant mourir ses filles, souffrait avec courage, car elle avait mis son espoir en le Seigneur.\u201d<\/h6>\n\n<div style=\"height:40px\" aria-hidden=\"true\" class=\"wp-block-spacer\"><\/div>\n\n<p>Il n&rsquo;est possible de souffrir avec courage que si l&rsquo;on a une esp\u00e9rance certaine.<\/p>\n\n<div style=\"height:40px\" aria-hidden=\"true\" class=\"wp-block-spacer\"><\/div>\n\n<h6 class=\"wp-block-heading has-text-align-center\">\u201cCourage, courage, ayez piti\u00e9 de moi, regardez vers le ciel.\u201d<\/h6>\n\n<div style=\"height:40px\" aria-hidden=\"true\" class=\"wp-block-spacer\"><\/div>\n\n<p>\u201cCourage,\u201d comme le mot \u201c\u00e2me\u201d en valencien, anime l&rsquo;endroit o\u00f9 Dieu nous parle. Avoir du courage signifie avoir de la vie, avoir une \u00e2me. Elle leur demande de la prendre en piti\u00e9, afin qu&rsquo;ils ne rendent pas inutile toute la foi transmise. Comme Saint \u00c9tienne, le premier martyr qui regardait vers le ciel, dans cette vision on aper\u00e7oit aussi la destination : la vie \u00e9ternelle.<\/p>\n\n<div style=\"height:40px\" aria-hidden=\"true\" class=\"wp-block-spacer\"><\/div>\n<div class=\"wp-block-image\">\n<figure class=\"aligncenter size-full\"><img loading=\"lazy\" decoding=\"async\" width=\"884\" height=\"176\" src=\"https:\/\/martiresparroquiasanpiox.org\/wp-content\/uploads\/2024\/09\/maria-teresa-y-sus-hijas-martires.png\" alt=\"\" class=\"wp-image-764\" srcset=\"https:\/\/martiresparroquiasanpiox.org\/wp-content\/uploads\/2024\/09\/maria-teresa-y-sus-hijas-martires.png 884w, https:\/\/martiresparroquiasanpiox.org\/wp-content\/uploads\/2024\/09\/maria-teresa-y-sus-hijas-martires-300x60.png 300w, https:\/\/martiresparroquiasanpiox.org\/wp-content\/uploads\/2024\/09\/maria-teresa-y-sus-hijas-martires-768x153.png 768w, https:\/\/martiresparroquiasanpiox.org\/wp-content\/uploads\/2024\/09\/maria-teresa-y-sus-hijas-martires-583x116.png 583w\" sizes=\"auto, (max-width: 884px) 100vw, 884px\" \/><\/figure>\n<\/div>\n<div style=\"height:40px\" aria-hidden=\"true\" class=\"wp-block-spacer\"><\/div>\n\n<h5 class=\"wp-block-heading has-text-align-center\">Cat\u00e9ch\u00e8se de pr\u00e9sentation du Canto \u2013 Novembre 2003 &#8211; Vicente Egea<\/h5>\n\n<div style=\"height:40px\" aria-hidden=\"true\" class=\"wp-block-spacer\"><\/div>\n\n<p>Je devais pr\u00e9senter la figure de ces martyrs, Maria Teresa, Josefa, Mar\u00eda Jes\u00fas, Ver\u00f3nica et Felicidad. J&rsquo;esp\u00e8re vraiment que ces s\u0153urs seront proches de notre vie. Et il n&rsquo;est pas par hasard qu&rsquo;elles soient dans cette paroisse, et il n&rsquo;est pas par hasard que cette paroisse ait ressenti un appel depuis le d\u00e9but \u00e0 vivre en communaut\u00e9, \u00e0 rester fid\u00e8les \u00e0 l&rsquo;\u00c9glise, \u00e0 vivre en famille nombreuse, ouverte \u00e0 la vie, comme cette famille. Cette famille est la m\u00eame, un couple qui a eu neuf enfants, une religieuse, deux mortes en bas \u00e2ge, puis les quatre religieuses, puis la m\u00e8re de Don Juan, et le p\u00e8re Seraf\u00edn (le seul fils, religieux capucin). Il y a une proximit\u00e9, cela nous touche profond\u00e9ment, elles sont proches de nous.<\/p>\n\n<p>Dans cette pr\u00e9sentation, je ne souhaite pas raconter une histoire. Il existe d\u00e9j\u00e0 un livre qui le fait. Je veux simplement partager ce qu&rsquo;est le miracle de la vie. Je me souviens du jour o\u00f9 les cercueils contenant les restes ont \u00e9t\u00e9 exhum\u00e9s, et que ces restes \u00e9taient dans la paroisse. Cela a \u00e9t\u00e9 une \u00e9vidence d&rsquo;une c\u00e9l\u00e9bration joyeuse, d&rsquo;une c\u00e9l\u00e9bration qui se d\u00e9roulait au ciel. L\u00e0, la mort n&rsquo;habitait pas, la vie habitait, et en fait, le postulant a dit : \u00ab C&rsquo;est une c\u00e9l\u00e9bration de la vie, et de la vie \u00e9ternelle. \u00bb<\/p>\n\n<p>Car notre vie a un sens si la vie \u00e9ternelle est pr\u00e9sente. Tu peux mettre au monde des enfants pour la vie \u00e9ternelle, et tu peux perdre ta vie parce qu&rsquo;il y a la vie \u00e9ternelle. Et si ce n&rsquo;est pas le cas, nous sommes en train d&rsquo;avorter la foi. Nous rendons \u00ab inutile \u00bb, si je puis dire, cette force vers\u00e9e uniquement par amour, uniquement par gr\u00e2ce, car c&rsquo;est impressionnant et \u00e9mouvant de voir ce que la foi est capable de r\u00e9aliser, le pouvoir de croire, le pouvoir de se sentir enfant de Dieu. Le pouvoir de se voir proche de J\u00e9sus dans sa vie, m\u00eame si l&rsquo;on est un d\u00e9chet, peu importe ce que l&rsquo;on est, m\u00eame si l&rsquo;on est d\u00e9sesp\u00e9r\u00e9, m\u00eame si l&rsquo;on ne croit pas en de nombreux moments de son existence parce que l&rsquo;on est faible et p\u00e9cheur. Comme nous sommes, l\u00e0 appara\u00eet la gloire de Dieu et la croix. J\u00e9sus-Christ est capable de se donner et de donner sa vie, de d\u00e9fier la mort face \u00e0 face, de regarder la mort en la contemplant comme une victoire, comme dans le moment du martyre, la m\u00e8re disant \u00e0 ses filles : \u00ab Ceci est un moment, le ciel est pour toujours. \u00bb Sainte Th\u00e9r\u00e8se disait : \u00ab Cette vie est une mauvaise nuit dans une mauvaise auberge. \u00bb<\/p>\n\n<p>Eh bien, cette m\u00e8re, Marie Th\u00e9r\u00e8s, avait \u00e0 c\u0153ur que ses enfants naissent et grandissent au sein de l\u2019\u00c9glise. On disait d\u2019elle :<\/p>\n\n<blockquote class=\"wp-block-quote is-layout-flow wp-block-quote-is-layout-flow\">\n<p>&#8230; sa m\u00e8re, craignant Dieu et consciente de l&rsquo;importante mission de former chr\u00e9tiennement sa famille, les a personnellement emmen\u00e9es \u00e0 l\u2019\u00e9cole de perfection de Josefa Naval Girb\u00e9s, connue sous le nom de \u00ab Se\u00f1ora Pepa \u00bb, dont la doctrine lui plaisait et dont l\u2019esprit elle souhaitait s\u2019impr\u00e9gner, ainsi que ses filles.<\/p>\n<\/blockquote>\n\n<p>Elle les emmenait&#8230; comme toi, tu es appel\u00e9 \u00e0 porter la saintet\u00e9 de Dieu, non la tienne. Car tu es imparfait, p\u00e9cheur, faible, nous faisons des erreurs chaque jour, nous avons une langue dure qui blesse, nous ne savons pas nous taire, nous ne savons pas aimer nos enfants, nous ne savons pas pardonner \u00e0 nos parents, tout est reproche. En ayant la lumi\u00e8re de l&rsquo;Esprit Saint, comme toi et moi l&rsquo;avons eue, nos enfants grandissent \u00e0 l&rsquo;ombre de cette croix et sous la protection de ces martyres, dans son \u00c9glise. Car nous devons savoir une chose : que sur les seuils de l&rsquo;\u00c9glise, m\u00eame si l&rsquo;on est un d\u00e9chet, on peut vivre, on peut vivre. En ce moment m\u00eame, ceux d\u2019entre nous qui sont ici, seraient \u00e0 l\u2019ext\u00e9rieur, nous nous d\u00e9truirions les uns les autres, car nous sommes ainsi. Eh bien, la joie, c\u2019est de pouvoir voir cela.<\/p>\n\n<p>Cette sainte femme vivait tout sous la parole de Dieu, tout comme toi et moi. Une parole de Dieu proche, qui nous corrige, qui nous reprend, qui nous enseigne, qui nous \u00e9duque, qui nous honore, qui nous fait nous sentir enfants de Dieu. Et c&rsquo;est l\u00e0 l&rsquo;exp\u00e9rience de ces martyres, c&rsquo;est cela la richesse : elles ont d\u00e9couvert un amour, elles ont d\u00e9couvert la vie \u00e9ternelle qui existe. Et c\u2019est cela \u00e0 quoi nous sommes appel\u00e9s, \u00e0 en jouir. Comment ? De mani\u00e8re tr\u00e8s simple : comme cette sainte femme, vivre pr\u00e8s de l\u2019\u00c9glise, accomplir la mission \u00e0 laquelle tout chr\u00e9tien est appel\u00e9 \u00e0 \u00eatre serviteur des autres.<\/p>\n\n<p>Et c\u2019est pour cela qu&rsquo;en cette nuit, il est important de parler de la vie paroissiale. Aucun de nous ne devrait rester sans travailler, en laissant volontairement sa vie dans la cat\u00e9ch\u00e8se, dans l&rsquo;\u00e9vang\u00e9lisation, dans les visites aux malades, dans Caritas, en aidant le P\u00e8re Amadeo avec le feuillet de \u00ab l&rsquo;Aleluya \u00bb, dans ce que ce soit, avec joie et all\u00e9gresse. Afin de pouvoir aider ceux qui ont une foi plus faible que nous ; ceux-l\u00e0, comme n\u2019importe quel fid\u00e8le, si tu ne l\u2019aides pas \u00e0 monter quatre marches, il ne pourra pas entendre la parole de Dieu. Si tu la lui sers, si tu l\u2019aides, tu es en train de vivre et de d\u00e9sirer J\u00e9sus, qui est le seul amour, tout comme elles. Le seul amour qui est ressuscit\u00e9 est celui de J\u00e9sus. Ni celui de l&rsquo;homme pour la femme, ni celui de la femme pour l&rsquo;homme, ni celui des enfants ni celui des parents : le seul qui est ressuscit\u00e9 et qui te fait regarder vers le ciel comme elles le faisaient, c\u2019est cet amour, il n&rsquo;y en a aucun autre. Pouvoir y entrer, pouvoir voir qu\u2019il n\u2019est pas monstrueux d\u2019avoir la foi.<\/p>\n\n<p>Je veux vous dire un mot pr\u00e9cis, que l\u2019on m\u2019a enseign\u00e9. Comment une m\u00e8re voit ses quatre filles n\u00e9es de son sein et est capable de leur dire depuis la foi : \u00ab N&rsquo;ayez pas peur, mes filles, \u00bb leur dit-elle en les encourageant, \u00ab cela ne dure qu\u2019un moment, et aussit\u00f4t, vous irez au ciel. \u00bb C\u2019est pourquoi nous pouvons chanter, en savourant ce qu\u2019elles nous ont offert. Et dans le martyre du quotidien, comme elle ; que crois-tu, que le fait d\u2019\u00eatre enceinte et d\u2019avoir \u00e0 te d\u00e9placer avec les enfants&#8230; ce n\u2019est pas un martyre ? Et son p\u00e8re&#8230; ce qu\u2019ils auraient dit de lui.<\/p>\n\n<p>Cela doit nous donner le d\u00e9sir de dire au Seigneur : \u00ab Me voici, Seigneur, pour accomplir ta volont\u00e9. \u00bb<\/p>\n\n<div style=\"height:40px\" aria-hidden=\"true\" class=\"wp-block-spacer\"><\/div>\n","protected":false},"excerpt":{"rendered":"<p>\u201cCaptur\u00e9es et emmen\u00e9es \u00e0 mourir\u201d Cantique de Mar\u00eda Teresa et de ses filles, Bienheureuses Martyres de la paroisse Saint Pie X (Algemes\u00ed) Captur\u00e9es(1) et emmen\u00e9es &hellip;<\/p>\n","protected":false},"author":1,"featured_media":778,"parent":3060,"menu_order":0,"comment_status":"closed","ping_status":"closed","template":"","meta":{"footnotes":""},"class_list":["post-3197","page","type-page","status-publish","has-post-thumbnail","hentry"],"_links":{"self":[{"href":"https:\/\/martiresparroquiasanpiox.org\/fr\/wp-json\/wp\/v2\/pages\/3197","targetHints":{"allow":["GET"]}}],"collection":[{"href":"https:\/\/martiresparroquiasanpiox.org\/fr\/wp-json\/wp\/v2\/pages"}],"about":[{"href":"https:\/\/martiresparroquiasanpiox.org\/fr\/wp-json\/wp\/v2\/types\/page"}],"author":[{"embeddable":true,"href":"https:\/\/martiresparroquiasanpiox.org\/fr\/wp-json\/wp\/v2\/users\/1"}],"replies":[{"embeddable":true,"href":"https:\/\/martiresparroquiasanpiox.org\/fr\/wp-json\/wp\/v2\/comments?post=3197"}],"version-history":[{"count":1,"href":"https:\/\/martiresparroquiasanpiox.org\/fr\/wp-json\/wp\/v2\/pages\/3197\/revisions"}],"predecessor-version":[{"id":3198,"href":"https:\/\/martiresparroquiasanpiox.org\/fr\/wp-json\/wp\/v2\/pages\/3197\/revisions\/3198"}],"up":[{"embeddable":true,"href":"https:\/\/martiresparroquiasanpiox.org\/fr\/wp-json\/wp\/v2\/pages\/3060"}],"wp:featuredmedia":[{"embeddable":true,"href":"https:\/\/martiresparroquiasanpiox.org\/fr\/wp-json\/wp\/v2\/media\/778"}],"wp:attachment":[{"href":"https:\/\/martiresparroquiasanpiox.org\/fr\/wp-json\/wp\/v2\/media?parent=3197"}],"curies":[{"name":"wp","href":"https:\/\/api.w.org\/{rel}","templated":true}]}}