{"id":3054,"date":"2024-11-07T07:46:26","date_gmt":"2024-11-07T07:46:26","guid":{"rendered":"https:\/\/martiresparroquiasanpiox.org\/lettere\/lettere-maria-jesus-masia\/"},"modified":"2025-04-04T08:49:11","modified_gmt":"2025-04-04T08:49:11","slug":"lettere-maria-jesus-masia","status":"publish","type":"page","link":"https:\/\/martiresparroquiasanpiox.org\/it\/lettere\/lettere-maria-jesus-masia\/","title":{"rendered":"Lettere &#8211; Maria Jesus Masia"},"content":{"rendered":"\n<div style=\"height:30px\" aria-hidden=\"true\" class=\"wp-block-spacer\"><\/div>\n<div class=\"wp-block-image\">\n<figure class=\"aligncenter size-full\"><img loading=\"lazy\" decoding=\"async\" width=\"462\" height=\"611\" src=\"https:\/\/martiresparroquiasanpiox.org\/wp-content\/uploads\/2024\/09\/maria-teresa-y-sus-hijas-martires-beata-maria-jesus-masia.png\" alt=\"Mar&#xED;a Teresa e le sue figlie martiri - Beata Mar&#xED;a Jes&#xFA;s Masi&#xE0; - Parrocchia San Pio X Algemes&#xED; Valencia Spagna\" class=\"wp-image-622\" srcset=\"https:\/\/martiresparroquiasanpiox.org\/wp-content\/uploads\/2024\/09\/maria-teresa-y-sus-hijas-martires-beata-maria-jesus-masia.png 462w, https:\/\/martiresparroquiasanpiox.org\/wp-content\/uploads\/2024\/09\/maria-teresa-y-sus-hijas-martires-beata-maria-jesus-masia-227x300.png 227w\" sizes=\"auto, (max-width: 462px) 100vw, 462px\" \/><\/figure>\n<\/div>\n<div style=\"height:40px\" aria-hidden=\"true\" class=\"wp-block-spacer\"><\/div>\n\n<h3 class=\"wp-block-heading has-text-align-center\"><b><strong>Lettere di suor Maria Jesus Masia<\/strong><\/b><\/h3>\n\n<div style=\"height:40px\" aria-hidden=\"true\" class=\"wp-block-spacer\"><\/div>\n\n<h4 class=\"wp-block-heading has-text-align-center\"><b><strong>10 ottobre 1920, alla madre e alla sorella<\/strong><\/b><\/h4>\n\n<div style=\"height:40px\" aria-hidden=\"true\" class=\"wp-block-spacer\"><\/div>\n\n<figure class=\"wp-block-gallery aligncenter has-nested-images columns-default is-cropped wp-block-gallery-1 is-layout-flex wp-block-gallery-is-layout-flex\">\n<figure data-wp-context=\"{&quot;imageId&quot;:&quot;69f10e9d59321&quot;}\" data-wp-interactive=\"core\/image\" data-wp-key=\"69f10e9d59321\" class=\"wp-block-image size-large wp-lightbox-container\"><img loading=\"lazy\" decoding=\"async\" width=\"704\" height=\"1024\" data-wp-class--hide=\"state.isContentHidden\" data-wp-class--show=\"state.isContentVisible\" data-wp-init=\"callbacks.setButtonStyles\" data-wp-on--click=\"actions.showLightbox\" data-wp-on--load=\"callbacks.setButtonStyles\" data-wp-on-window--resize=\"callbacks.setButtonStyles\" data-id=\"1124\" src=\"https:\/\/martiresparroquiasanpiox.org\/wp-content\/uploads\/2024\/10\/maria-teresa-y-sus-hijas-martires-cartas-de-maria-jesus-a-su-madre-y-hermana-1920-20-octubre-1-704x1024.png\" alt=\"Mar&#xED;a Teresa e le sue figlie martiri - Parrocchia San Pio X di Algemes&#xED; Valencia - da Suor Mar&#xED;a Jes&#xFA;s Masi&#xE1; a sua madre e sua sorella 1920 10 ottobre\" class=\"wp-image-1124\" srcset=\"https:\/\/martiresparroquiasanpiox.org\/wp-content\/uploads\/2024\/10\/maria-teresa-y-sus-hijas-martires-cartas-de-maria-jesus-a-su-madre-y-hermana-1920-20-octubre-1-704x1024.png 704w, https:\/\/martiresparroquiasanpiox.org\/wp-content\/uploads\/2024\/10\/maria-teresa-y-sus-hijas-martires-cartas-de-maria-jesus-a-su-madre-y-hermana-1920-20-octubre-1-206x300.png 206w, https:\/\/martiresparroquiasanpiox.org\/wp-content\/uploads\/2024\/10\/maria-teresa-y-sus-hijas-martires-cartas-de-maria-jesus-a-su-madre-y-hermana-1920-20-octubre-1.png 742w\" sizes=\"auto, (max-width: 704px) 100vw, 704px\" \/><button\n\t\t\tclass=\"lightbox-trigger\"\n\t\t\ttype=\"button\"\n\t\t\taria-haspopup=\"dialog\"\n\t\t\taria-label=\"Ingrandisci\"\n\t\t\tdata-wp-init=\"callbacks.initTriggerButton\"\n\t\t\tdata-wp-on--click=\"actions.showLightbox\"\n\t\t\tdata-wp-style--right=\"state.imageButtonRight\"\n\t\t\tdata-wp-style--top=\"state.imageButtonTop\"\n\t\t>\n\t\t\t<svg xmlns=\"http:\/\/www.w3.org\/2000\/svg\" width=\"12\" height=\"12\" fill=\"none\" viewBox=\"0 0 12 12\">\n\t\t\t\t<path fill=\"#fff\" d=\"M2 0a2 2 0 0 0-2 2v2h1.5V2a.5.5 0 0 1 .5-.5h2V0H2Zm2 10.5H2a.5.5 0 0 1-.5-.5V8H0v2a2 2 0 0 0 2 2h2v-1.5ZM8 12v-1.5h2a.5.5 0 0 0 .5-.5V8H12v2a2 2 0 0 1-2 2H8Zm2-12a2 2 0 0 1 2 2v2h-1.5V2a.5.5 0 0 0-.5-.5H8V0h2Z\" \/>\n\t\t\t<\/svg>\n\t\t<\/button><\/figure>\n\n\n\n<figure data-wp-context=\"{&quot;imageId&quot;:&quot;69f10e9d59ca4&quot;}\" data-wp-interactive=\"core\/image\" data-wp-key=\"69f10e9d59ca4\" class=\"wp-block-image size-large wp-lightbox-container\"><img loading=\"lazy\" decoding=\"async\" width=\"688\" height=\"1024\" data-wp-class--hide=\"state.isContentHidden\" data-wp-class--show=\"state.isContentVisible\" data-wp-init=\"callbacks.setButtonStyles\" data-wp-on--click=\"actions.showLightbox\" data-wp-on--load=\"callbacks.setButtonStyles\" data-wp-on-window--resize=\"callbacks.setButtonStyles\" data-id=\"1129\" src=\"https:\/\/martiresparroquiasanpiox.org\/wp-content\/uploads\/2024\/10\/maria-teresa-y-sus-hijas-martires-cartas-de-maria-jesus-a-su-madre-y-hermana-1920-20-octubre-2-688x1024.png\" alt=\"Mar&#xED;a Teresa e le sue figlie martiri - Parrocchia San Pio X di Algemes&#xED; Valencia - da Suor Mar&#xED;a Jes&#xFA;s Masi&#xE1; a sua madre e sua sorella 1920 10 ottobre\" class=\"wp-image-1129\" srcset=\"https:\/\/martiresparroquiasanpiox.org\/wp-content\/uploads\/2024\/10\/maria-teresa-y-sus-hijas-martires-cartas-de-maria-jesus-a-su-madre-y-hermana-1920-20-octubre-2-688x1024.png 688w, https:\/\/martiresparroquiasanpiox.org\/wp-content\/uploads\/2024\/10\/maria-teresa-y-sus-hijas-martires-cartas-de-maria-jesus-a-su-madre-y-hermana-1920-20-octubre-2-202x300.png 202w, https:\/\/martiresparroquiasanpiox.org\/wp-content\/uploads\/2024\/10\/maria-teresa-y-sus-hijas-martires-cartas-de-maria-jesus-a-su-madre-y-hermana-1920-20-octubre-2.png 726w\" sizes=\"auto, (max-width: 688px) 100vw, 688px\" \/><button\n\t\t\tclass=\"lightbox-trigger\"\n\t\t\ttype=\"button\"\n\t\t\taria-haspopup=\"dialog\"\n\t\t\taria-label=\"Ingrandisci\"\n\t\t\tdata-wp-init=\"callbacks.initTriggerButton\"\n\t\t\tdata-wp-on--click=\"actions.showLightbox\"\n\t\t\tdata-wp-style--right=\"state.imageButtonRight\"\n\t\t\tdata-wp-style--top=\"state.imageButtonTop\"\n\t\t>\n\t\t\t<svg xmlns=\"http:\/\/www.w3.org\/2000\/svg\" width=\"12\" height=\"12\" fill=\"none\" viewBox=\"0 0 12 12\">\n\t\t\t\t<path fill=\"#fff\" d=\"M2 0a2 2 0 0 0-2 2v2h1.5V2a.5.5 0 0 1 .5-.5h2V0H2Zm2 10.5H2a.5.5 0 0 1-.5-.5V8H0v2a2 2 0 0 0 2 2h2v-1.5ZM8 12v-1.5h2a.5.5 0 0 0 .5-.5V8H12v2a2 2 0 0 1-2 2H8Zm2-12a2 2 0 0 1 2 2v2h-1.5V2a.5.5 0 0 0-.5-.5H8V0h2Z\" \/>\n\t\t\t<\/svg>\n\t\t<\/button><\/figure>\n<\/figure>\n\n<div style=\"height:40px\" aria-hidden=\"true\" class=\"wp-block-spacer\"><\/div>\n\n<p>+<\/p>\n\n<p>Cappuccine di Agullent<\/p>\n\n<p>Mia carissima madre e sorella:<\/p>\n\n<p>La presente serve per inviarle la pi\u00f9 affettuosa felicitazione per il giorno del suo santo, la gloriosa santa Teresa, e desidero, e cos\u00ec le chiedo, che in quel giorno si manifesti in lei, versando benedizioni e grazie senza sosta, perch\u00e9, essendo in cielo, tutto ci\u00f2 che desidera pu\u00f2 realizzarlo. Far\u00f2 tutto il possibile di buono per lei. Ho gi\u00e0 molte religiose che nel giorno di santa Teresa faranno tutto per lei, comunione e tutto ci\u00f2 che faranno, affinch\u00e9 il Signore le conceda i suoi desideri qui sulla terra, di vederci fervorose, servendo il Signore e guadagnando molte anime, come dice D. Bernardo. Oh, che tre giorni abbiamo passato; ho goduto molto nel vedere con quale facilit\u00e0 diamo gioia a Ges\u00f9, e l\u00ec sta la santit\u00e0, nel sapere ci\u00f2 che desidera e noi lo sappiamo ed \u00e8 molto facile darlo: \u00e8 amore. S\u00ec, amiamo molto Ges\u00f9 e lasciamolo agire liberamente.<\/p>\n\n<p>Lei, madre, mi raccomandi molto a Ges\u00f9, perch\u00e9 voglio essere santa e ogni giorno mi sento pi\u00f9 piena di difetti e di cattivo carattere, e penso che se ora che invecchio sono cos\u00ec, cosa far\u00f2 quando sar\u00f2 ancora pi\u00f9 anziana?<\/p>\n\n<p>Sono molto geloso di Benina Consolata. La conoscete gi\u00e0, padre Bernardo ci ha parlato molto di lei.  Direi molto, ma sono le 5 e vado al coro, per vedere cosa mi dice Ges\u00f9, o glielo dico io.<\/p>\n\n<p>Di Vicente ora non so nulla. Domani gli scriver\u00f2, per il suo giorno.<\/p>\n\n<p>Madre, per tutto quello che ci hai mandato, ti ringrazio e che il Signore lo accresca di gloria.<\/p>\n\n<p>A tutti dar\u00e0 i miei saluti, e lei li ricever\u00e0 dalla madre Abbadessa, dalla madre Vicaria e dalla comunit\u00e0, e da sua figlia, che le vuole molto bene. Suor Maria Ges\u00f9.<\/p>\n\n<div style=\"height:40px\" aria-hidden=\"true\" class=\"wp-block-spacer\"><\/div>\n<div class=\"wp-block-image\">\n<figure class=\"aligncenter size-large\"><img loading=\"lazy\" decoding=\"async\" width=\"1024\" height=\"30\" src=\"https:\/\/martiresparroquiasanpiox.org\/wp-content\/uploads\/2024\/09\/maria-teresa-y-sus-hijas-martires-cartas-separador-1024x30.png\" alt=\"Mar&#xED;a Teresa e le sue figlie martiri - Parroquia San Pio X de Algemes&#xED; Valencia - schede di separazione\" class=\"wp-image-297\" srcset=\"https:\/\/martiresparroquiasanpiox.org\/wp-content\/uploads\/2024\/09\/maria-teresa-y-sus-hijas-martires-cartas-separador-1024x30.png 1024w, https:\/\/martiresparroquiasanpiox.org\/wp-content\/uploads\/2024\/09\/maria-teresa-y-sus-hijas-martires-cartas-separador-300x9.png 300w, https:\/\/martiresparroquiasanpiox.org\/wp-content\/uploads\/2024\/09\/maria-teresa-y-sus-hijas-martires-cartas-separador-768x23.png 768w, https:\/\/martiresparroquiasanpiox.org\/wp-content\/uploads\/2024\/09\/maria-teresa-y-sus-hijas-martires-cartas-separador-1536x46.png 1536w, https:\/\/martiresparroquiasanpiox.org\/wp-content\/uploads\/2024\/09\/maria-teresa-y-sus-hijas-martires-cartas-separador-583x17.png 583w, https:\/\/martiresparroquiasanpiox.org\/wp-content\/uploads\/2024\/09\/maria-teresa-y-sus-hijas-martires-cartas-separador.png 1920w\" sizes=\"auto, (max-width: 1024px) 100vw, 1024px\" \/><\/figure>\n<\/div>\n<div style=\"height:40px\" aria-hidden=\"true\" class=\"wp-block-spacer\"><\/div>\n\n<h4 class=\"wp-block-heading has-text-align-center\"><b><strong>23 agosto 1931, alla madre e ai fratelli<\/strong><\/b><\/h4>\n\n<div style=\"height:40px\" aria-hidden=\"true\" class=\"wp-block-spacer\"><\/div>\n\n<figure class=\"wp-block-gallery aligncenter has-nested-images columns-default is-cropped wp-block-gallery-2 is-layout-flex wp-block-gallery-is-layout-flex\">\n<figure data-wp-context=\"{&quot;imageId&quot;:&quot;69f10e9d5ae38&quot;}\" data-wp-interactive=\"core\/image\" data-wp-key=\"69f10e9d5ae38\" class=\"wp-block-image size-large wp-lightbox-container\"><img loading=\"lazy\" decoding=\"async\" width=\"696\" height=\"1024\" data-wp-class--hide=\"state.isContentHidden\" data-wp-class--show=\"state.isContentVisible\" data-wp-init=\"callbacks.setButtonStyles\" data-wp-on--click=\"actions.showLightbox\" data-wp-on--load=\"callbacks.setButtonStyles\" data-wp-on-window--resize=\"callbacks.setButtonStyles\" data-id=\"1148\" src=\"https:\/\/martiresparroquiasanpiox.org\/wp-content\/uploads\/2024\/10\/maria-teresa-y-sus-hijas-martires-cartas-de-maria-jesus-a-su-madre-y-hermanos-1931-23-agosto-1-696x1024.png\" alt=\"Mar&#xED;a Teresa e le sue figlie martiri - Parrocchia San Pio X di Algemes&#xED; Valencia - da Suor Mar&#xED;a Jes&#xFA;s Masi&#xE1; alla madre e ai fratelli 1931 23 agosto\" class=\"wp-image-1148\" srcset=\"https:\/\/martiresparroquiasanpiox.org\/wp-content\/uploads\/2024\/10\/maria-teresa-y-sus-hijas-martires-cartas-de-maria-jesus-a-su-madre-y-hermanos-1931-23-agosto-1-696x1024.png 696w, https:\/\/martiresparroquiasanpiox.org\/wp-content\/uploads\/2024\/10\/maria-teresa-y-sus-hijas-martires-cartas-de-maria-jesus-a-su-madre-y-hermanos-1931-23-agosto-1-204x300.png 204w, https:\/\/martiresparroquiasanpiox.org\/wp-content\/uploads\/2024\/10\/maria-teresa-y-sus-hijas-martires-cartas-de-maria-jesus-a-su-madre-y-hermanos-1931-23-agosto-1.png 734w\" sizes=\"auto, (max-width: 696px) 100vw, 696px\" \/><button\n\t\t\tclass=\"lightbox-trigger\"\n\t\t\ttype=\"button\"\n\t\t\taria-haspopup=\"dialog\"\n\t\t\taria-label=\"Ingrandisci\"\n\t\t\tdata-wp-init=\"callbacks.initTriggerButton\"\n\t\t\tdata-wp-on--click=\"actions.showLightbox\"\n\t\t\tdata-wp-style--right=\"state.imageButtonRight\"\n\t\t\tdata-wp-style--top=\"state.imageButtonTop\"\n\t\t>\n\t\t\t<svg xmlns=\"http:\/\/www.w3.org\/2000\/svg\" width=\"12\" height=\"12\" fill=\"none\" viewBox=\"0 0 12 12\">\n\t\t\t\t<path fill=\"#fff\" d=\"M2 0a2 2 0 0 0-2 2v2h1.5V2a.5.5 0 0 1 .5-.5h2V0H2Zm2 10.5H2a.5.5 0 0 1-.5-.5V8H0v2a2 2 0 0 0 2 2h2v-1.5ZM8 12v-1.5h2a.5.5 0 0 0 .5-.5V8H12v2a2 2 0 0 1-2 2H8Zm2-12a2 2 0 0 1 2 2v2h-1.5V2a.5.5 0 0 0-.5-.5H8V0h2Z\" \/>\n\t\t\t<\/svg>\n\t\t<\/button><\/figure>\n\n\n\n<figure data-wp-context=\"{&quot;imageId&quot;:&quot;69f10e9d5b635&quot;}\" data-wp-interactive=\"core\/image\" data-wp-key=\"69f10e9d5b635\" class=\"wp-block-image size-large wp-lightbox-container\"><img loading=\"lazy\" decoding=\"async\" width=\"686\" height=\"1024\" data-wp-class--hide=\"state.isContentHidden\" data-wp-class--show=\"state.isContentVisible\" data-wp-init=\"callbacks.setButtonStyles\" data-wp-on--click=\"actions.showLightbox\" data-wp-on--load=\"callbacks.setButtonStyles\" data-wp-on-window--resize=\"callbacks.setButtonStyles\" data-id=\"1153\" src=\"https:\/\/martiresparroquiasanpiox.org\/wp-content\/uploads\/2024\/10\/maria-teresa-y-sus-hijas-martires-cartas-de-maria-jesus-a-su-madre-y-hermanos-1931-23-agosto-2-686x1024.png\" alt=\"Mar&#xED;a Teresa e le sue figlie martiri - Parrocchia San Pio X di Algemes&#xED; Valencia - da Suor Mar&#xED;a Jes&#xFA;s Masi&#xE1; alla madre e ai fratelli 1931 23 agosto\" class=\"wp-image-1153\" srcset=\"https:\/\/martiresparroquiasanpiox.org\/wp-content\/uploads\/2024\/10\/maria-teresa-y-sus-hijas-martires-cartas-de-maria-jesus-a-su-madre-y-hermanos-1931-23-agosto-2-686x1024.png 686w, https:\/\/martiresparroquiasanpiox.org\/wp-content\/uploads\/2024\/10\/maria-teresa-y-sus-hijas-martires-cartas-de-maria-jesus-a-su-madre-y-hermanos-1931-23-agosto-2-201x300.png 201w, https:\/\/martiresparroquiasanpiox.org\/wp-content\/uploads\/2024\/10\/maria-teresa-y-sus-hijas-martires-cartas-de-maria-jesus-a-su-madre-y-hermanos-1931-23-agosto-2.png 724w\" sizes=\"auto, (max-width: 686px) 100vw, 686px\" \/><button\n\t\t\tclass=\"lightbox-trigger\"\n\t\t\ttype=\"button\"\n\t\t\taria-haspopup=\"dialog\"\n\t\t\taria-label=\"Ingrandisci\"\n\t\t\tdata-wp-init=\"callbacks.initTriggerButton\"\n\t\t\tdata-wp-on--click=\"actions.showLightbox\"\n\t\t\tdata-wp-style--right=\"state.imageButtonRight\"\n\t\t\tdata-wp-style--top=\"state.imageButtonTop\"\n\t\t>\n\t\t\t<svg xmlns=\"http:\/\/www.w3.org\/2000\/svg\" width=\"12\" height=\"12\" fill=\"none\" viewBox=\"0 0 12 12\">\n\t\t\t\t<path fill=\"#fff\" d=\"M2 0a2 2 0 0 0-2 2v2h1.5V2a.5.5 0 0 1 .5-.5h2V0H2Zm2 10.5H2a.5.5 0 0 1-.5-.5V8H0v2a2 2 0 0 0 2 2h2v-1.5ZM8 12v-1.5h2a.5.5 0 0 0 .5-.5V8H12v2a2 2 0 0 1-2 2H8Zm2-12a2 2 0 0 1 2 2v2h-1.5V2a.5.5 0 0 0-.5-.5H8V0h2Z\" \/>\n\t\t\t<\/svg>\n\t\t<\/button><\/figure>\n<\/figure>\n\n<div style=\"height:40px\" aria-hidden=\"true\" class=\"wp-block-spacer\"><\/div>\n\n<p>+<\/p>\n\n<p>Cappuccine Agullent<\/p>\n\n<p>23 Agosto 1931<\/p>\n\n<p>La mia carissima madre e i miei fratelli:<\/p>\n\n<p>Come scriviamo a Seraf\u00edn, allo stesso tempo scrivo a lei, cos\u00ec si renderanno conto di ci\u00f2 che le diciamo, poich\u00e9 grazie a Dio forse arriveremo in tempo per sistemare la questione delle messe, cos\u00ec dice Seraf\u00edn, vedremo. Non so se lei fosse gi\u00e0 informata, e se sapremo qualcosa, glielo diremo.<\/p>\n\n<p>Voglio anche che scriva a Felicidad e mi dica cosa desidera che le prenda dall&#8217;armadio del &#8220;terrat&#8221;, perch\u00e9 se io porto cose che lei non vuole, a che serve lavorare? Vado l\u00ec e mi piacciono tutti i modelli, perch\u00e9 vedo con quale facilit\u00e0 li realizza. Penso di portare i modelli dei bambini e quelli di cera gi\u00e0 fatti, e tu dillo. \u00c8 meglio che rimanga tutto in ordine, piuttosto che un altro pasticcio, come quello che hai avuto. E mi dirai se la madre sta bene e cosa fa, e se tu stai bene o stai male; guarda, mancano ancora 18 suore. Fai un saluto a Consuelo e dimmi se sta bene; qui stiamo abbastanza bene, ma senza acqua. Stanno scavando per trovarne di pi\u00f9, e Dio voglia che non perdano quella poca che avevamo nel canale.<\/p>\n\n<p>Come sai che si facevano animaletti, adesso ce ne sono sempre di pi\u00f9 e di pi\u00f9 grandi, il che fa molta impressione; che tutto serva come penitenza, e che Dio sistemer\u00e0 tutto, perch\u00e9 cos\u00ec non si vive.<\/p>\n\n<p>Tu raccontami tutto, che io l&#8217;altra volta ti dir\u00f2 di pi\u00f9, \u00e8 che non ho carta. Prenditi cura della madre. Addio.<\/p>\n\n<div style=\"height:40px\" aria-hidden=\"true\" class=\"wp-block-spacer\"><\/div>\n<div class=\"wp-block-image\">\n<figure class=\"aligncenter size-large\"><img loading=\"lazy\" decoding=\"async\" width=\"1024\" height=\"30\" src=\"https:\/\/martiresparroquiasanpiox.org\/wp-content\/uploads\/2024\/09\/maria-teresa-y-sus-hijas-martires-cartas-separador-1024x30.png\" alt=\"Mar&#xED;a Teresa e le sue figlie martiri - Parroquia San Pio X de Algemes&#xED; Valencia - schede di separazione\" class=\"wp-image-297\" srcset=\"https:\/\/martiresparroquiasanpiox.org\/wp-content\/uploads\/2024\/09\/maria-teresa-y-sus-hijas-martires-cartas-separador-1024x30.png 1024w, https:\/\/martiresparroquiasanpiox.org\/wp-content\/uploads\/2024\/09\/maria-teresa-y-sus-hijas-martires-cartas-separador-300x9.png 300w, https:\/\/martiresparroquiasanpiox.org\/wp-content\/uploads\/2024\/09\/maria-teresa-y-sus-hijas-martires-cartas-separador-768x23.png 768w, https:\/\/martiresparroquiasanpiox.org\/wp-content\/uploads\/2024\/09\/maria-teresa-y-sus-hijas-martires-cartas-separador-1536x46.png 1536w, https:\/\/martiresparroquiasanpiox.org\/wp-content\/uploads\/2024\/09\/maria-teresa-y-sus-hijas-martires-cartas-separador-583x17.png 583w, https:\/\/martiresparroquiasanpiox.org\/wp-content\/uploads\/2024\/09\/maria-teresa-y-sus-hijas-martires-cartas-separador.png 1920w\" sizes=\"auto, (max-width: 1024px) 100vw, 1024px\" \/><\/figure>\n<\/div>\n<div style=\"height:40px\" aria-hidden=\"true\" class=\"wp-block-spacer\"><\/div>\n\n<h4 class=\"wp-block-heading has-text-align-center\"><b><strong>19 giugno 1932, al fratello<\/strong><\/b><\/h4>\n\n<div style=\"height:40px\" aria-hidden=\"true\" class=\"wp-block-spacer\"><\/div>\n\n<figure class=\"wp-block-gallery aligncenter has-nested-images columns-default is-cropped wp-block-gallery-3 is-layout-flex wp-block-gallery-is-layout-flex\">\n<figure data-wp-context=\"{&quot;imageId&quot;:&quot;69f10e9d5c1dc&quot;}\" data-wp-interactive=\"core\/image\" data-wp-key=\"69f10e9d5c1dc\" class=\"wp-block-image size-large wp-lightbox-container\"><img loading=\"lazy\" decoding=\"async\" width=\"1024\" height=\"706\" data-wp-class--hide=\"state.isContentHidden\" data-wp-class--show=\"state.isContentVisible\" data-wp-init=\"callbacks.setButtonStyles\" data-wp-on--click=\"actions.showLightbox\" data-wp-on--load=\"callbacks.setButtonStyles\" data-wp-on-window--resize=\"callbacks.setButtonStyles\" data-id=\"1167\" src=\"https:\/\/martiresparroquiasanpiox.org\/wp-content\/uploads\/2024\/10\/maria-teresa-y-sus-hijas-martires-cartas-de-maria-jesus-a-su-madre-y-hermana-1932-19-junio-1-1024x706.png\" alt=\"Mar&#xED;a Teresa e le sue figlie martiri - Chiesa parrocchiale di San Pio X di Algemes&#xED; Valencia - da suor Mar&#xED;a Jes&#xFA;s Masi&#xE1; al fratello 1931 19 giugno\" class=\"wp-image-1167\" srcset=\"https:\/\/martiresparroquiasanpiox.org\/wp-content\/uploads\/2024\/10\/maria-teresa-y-sus-hijas-martires-cartas-de-maria-jesus-a-su-madre-y-hermana-1932-19-junio-1-1024x706.png 1024w, https:\/\/martiresparroquiasanpiox.org\/wp-content\/uploads\/2024\/10\/maria-teresa-y-sus-hijas-martires-cartas-de-maria-jesus-a-su-madre-y-hermana-1932-19-junio-1-300x207.png 300w, https:\/\/martiresparroquiasanpiox.org\/wp-content\/uploads\/2024\/10\/maria-teresa-y-sus-hijas-martires-cartas-de-maria-jesus-a-su-madre-y-hermana-1932-19-junio-1-768x529.png 768w, https:\/\/martiresparroquiasanpiox.org\/wp-content\/uploads\/2024\/10\/maria-teresa-y-sus-hijas-martires-cartas-de-maria-jesus-a-su-madre-y-hermana-1932-19-junio-1-1536x1059.png 1536w, https:\/\/martiresparroquiasanpiox.org\/wp-content\/uploads\/2024\/10\/maria-teresa-y-sus-hijas-martires-cartas-de-maria-jesus-a-su-madre-y-hermana-1932-19-junio-1-435x300.png 435w, https:\/\/martiresparroquiasanpiox.org\/wp-content\/uploads\/2024\/10\/maria-teresa-y-sus-hijas-martires-cartas-de-maria-jesus-a-su-madre-y-hermana-1932-19-junio-1.png 1567w\" sizes=\"auto, (max-width: 1024px) 100vw, 1024px\" \/><button\n\t\t\tclass=\"lightbox-trigger\"\n\t\t\ttype=\"button\"\n\t\t\taria-haspopup=\"dialog\"\n\t\t\taria-label=\"Ingrandisci\"\n\t\t\tdata-wp-init=\"callbacks.initTriggerButton\"\n\t\t\tdata-wp-on--click=\"actions.showLightbox\"\n\t\t\tdata-wp-style--right=\"state.imageButtonRight\"\n\t\t\tdata-wp-style--top=\"state.imageButtonTop\"\n\t\t>\n\t\t\t<svg xmlns=\"http:\/\/www.w3.org\/2000\/svg\" width=\"12\" height=\"12\" fill=\"none\" viewBox=\"0 0 12 12\">\n\t\t\t\t<path fill=\"#fff\" d=\"M2 0a2 2 0 0 0-2 2v2h1.5V2a.5.5 0 0 1 .5-.5h2V0H2Zm2 10.5H2a.5.5 0 0 1-.5-.5V8H0v2a2 2 0 0 0 2 2h2v-1.5ZM8 12v-1.5h2a.5.5 0 0 0 .5-.5V8H12v2a2 2 0 0 1-2 2H8Zm2-12a2 2 0 0 1 2 2v2h-1.5V2a.5.5 0 0 0-.5-.5H8V0h2Z\" \/>\n\t\t\t<\/svg>\n\t\t<\/button><\/figure>\n\n\n\n<figure data-wp-context=\"{&quot;imageId&quot;:&quot;69f10e9d5c8f0&quot;}\" data-wp-interactive=\"core\/image\" data-wp-key=\"69f10e9d5c8f0\" class=\"wp-block-image size-large wp-lightbox-container\"><img loading=\"lazy\" decoding=\"async\" width=\"1024\" height=\"695\" data-wp-class--hide=\"state.isContentHidden\" data-wp-class--show=\"state.isContentVisible\" data-wp-init=\"callbacks.setButtonStyles\" data-wp-on--click=\"actions.showLightbox\" data-wp-on--load=\"callbacks.setButtonStyles\" data-wp-on-window--resize=\"callbacks.setButtonStyles\" data-id=\"1136\" src=\"https:\/\/martiresparroquiasanpiox.org\/wp-content\/uploads\/2024\/10\/maria-teresa-y-sus-hijas-martires-cartas-de-maria-jesus-a-su-madre-y-hermana-1932-19-junio-2-1024x695.png\" alt=\"Mar&#xED;a Teresa e le sue figlie martiri - Chiesa parrocchiale di San Pio X di Algemes&#xED; Valencia - da suor Mar&#xED;a Jes&#xFA;s Masi&#xE1; al fratello 1931 19 giugno\" class=\"wp-image-1136\" srcset=\"https:\/\/martiresparroquiasanpiox.org\/wp-content\/uploads\/2024\/10\/maria-teresa-y-sus-hijas-martires-cartas-de-maria-jesus-a-su-madre-y-hermana-1932-19-junio-2-1024x695.png 1024w, https:\/\/martiresparroquiasanpiox.org\/wp-content\/uploads\/2024\/10\/maria-teresa-y-sus-hijas-martires-cartas-de-maria-jesus-a-su-madre-y-hermana-1932-19-junio-2-300x204.png 300w, https:\/\/martiresparroquiasanpiox.org\/wp-content\/uploads\/2024\/10\/maria-teresa-y-sus-hijas-martires-cartas-de-maria-jesus-a-su-madre-y-hermana-1932-19-junio-2-768x521.png 768w, https:\/\/martiresparroquiasanpiox.org\/wp-content\/uploads\/2024\/10\/maria-teresa-y-sus-hijas-martires-cartas-de-maria-jesus-a-su-madre-y-hermana-1932-19-junio-2-1536x1042.png 1536w, https:\/\/martiresparroquiasanpiox.org\/wp-content\/uploads\/2024\/10\/maria-teresa-y-sus-hijas-martires-cartas-de-maria-jesus-a-su-madre-y-hermana-1932-19-junio-2-442x300.png 442w, https:\/\/martiresparroquiasanpiox.org\/wp-content\/uploads\/2024\/10\/maria-teresa-y-sus-hijas-martires-cartas-de-maria-jesus-a-su-madre-y-hermana-1932-19-junio-2.png 1592w\" sizes=\"auto, (max-width: 1024px) 100vw, 1024px\" \/><button\n\t\t\tclass=\"lightbox-trigger\"\n\t\t\ttype=\"button\"\n\t\t\taria-haspopup=\"dialog\"\n\t\t\taria-label=\"Ingrandisci\"\n\t\t\tdata-wp-init=\"callbacks.initTriggerButton\"\n\t\t\tdata-wp-on--click=\"actions.showLightbox\"\n\t\t\tdata-wp-style--right=\"state.imageButtonRight\"\n\t\t\tdata-wp-style--top=\"state.imageButtonTop\"\n\t\t>\n\t\t\t<svg xmlns=\"http:\/\/www.w3.org\/2000\/svg\" width=\"12\" height=\"12\" fill=\"none\" viewBox=\"0 0 12 12\">\n\t\t\t\t<path fill=\"#fff\" d=\"M2 0a2 2 0 0 0-2 2v2h1.5V2a.5.5 0 0 1 .5-.5h2V0H2Zm2 10.5H2a.5.5 0 0 1-.5-.5V8H0v2a2 2 0 0 0 2 2h2v-1.5ZM8 12v-1.5h2a.5.5 0 0 0 .5-.5V8H12v2a2 2 0 0 1-2 2H8Zm2-12a2 2 0 0 1 2 2v2h-1.5V2a.5.5 0 0 0-.5-.5H8V0h2Z\" \/>\n\t\t\t<\/svg>\n\t\t<\/button><\/figure>\n<\/figure>\n\n<div style=\"height:40px\" aria-hidden=\"true\" class=\"wp-block-spacer\"><\/div>\n\n<p>Povere Cappuccine Agullent<\/p>\n\n<p>\u00a019-6-1932<\/p>\n\n<p>Carissimo fratello Giovanni Battista nell&#8217;amore misericordioso di Cristo Re:<\/p>\n\n<p>Migliaia di auguri nel giorno del tuo santo, in cui ti auguro aumenti di grazia e molta salute affinch\u00e9 tu possa celebrarlo in compagnia di tutta la famiglia per molti anni.<\/p>\n\n<p>Siamo d&#8217;accordo che la zia e sua figlia vengano quando vogliono. Se lo sapessimo, manderemmo anche solo un bambino.<\/p>\n\n<p>I miei saluti a tutta la famiglia e sappi che non sei dimenticato dalle tue due sorelle.<\/p>\n\n<p>Suor Mar\u00eda Jes\u00fas<\/p>\n\n<div style=\"height:40px\" aria-hidden=\"true\" class=\"wp-block-spacer\"><\/div>\n<div class=\"wp-block-image\">\n<figure class=\"aligncenter size-large\"><img loading=\"lazy\" decoding=\"async\" width=\"1024\" height=\"30\" src=\"https:\/\/martiresparroquiasanpiox.org\/wp-content\/uploads\/2024\/09\/maria-teresa-y-sus-hijas-martires-cartas-separador-1024x30.png\" alt=\"Mar&#xED;a Teresa e le sue figlie martiri - Parroquia San Pio X de Algemes&#xED; Valencia - schede di separazione\" class=\"wp-image-297\" srcset=\"https:\/\/martiresparroquiasanpiox.org\/wp-content\/uploads\/2024\/09\/maria-teresa-y-sus-hijas-martires-cartas-separador-1024x30.png 1024w, https:\/\/martiresparroquiasanpiox.org\/wp-content\/uploads\/2024\/09\/maria-teresa-y-sus-hijas-martires-cartas-separador-300x9.png 300w, https:\/\/martiresparroquiasanpiox.org\/wp-content\/uploads\/2024\/09\/maria-teresa-y-sus-hijas-martires-cartas-separador-768x23.png 768w, https:\/\/martiresparroquiasanpiox.org\/wp-content\/uploads\/2024\/09\/maria-teresa-y-sus-hijas-martires-cartas-separador-1536x46.png 1536w, https:\/\/martiresparroquiasanpiox.org\/wp-content\/uploads\/2024\/09\/maria-teresa-y-sus-hijas-martires-cartas-separador-583x17.png 583w, https:\/\/martiresparroquiasanpiox.org\/wp-content\/uploads\/2024\/09\/maria-teresa-y-sus-hijas-martires-cartas-separador.png 1920w\" sizes=\"auto, (max-width: 1024px) 100vw, 1024px\" \/><\/figure>\n<\/div>\n<div style=\"height:40px\" aria-hidden=\"true\" class=\"wp-block-spacer\"><\/div>\n\n<h4 class=\"wp-block-heading has-text-align-center\">28 ottobre 1934, ai suoi fratelli<\/h4>\n\n<div style=\"height:40px\" aria-hidden=\"true\" class=\"wp-block-spacer\"><\/div>\n\n<figure class=\"wp-block-gallery aligncenter has-nested-images columns-2 is-cropped wp-block-gallery-4 is-layout-flex wp-block-gallery-is-layout-flex\">\n<figure data-wp-context=\"{&quot;imageId&quot;:&quot;69f10e9d5d579&quot;}\" data-wp-interactive=\"core\/image\" data-wp-key=\"69f10e9d5d579\" class=\"wp-block-image size-large wp-lightbox-container\"><img loading=\"lazy\" decoding=\"async\" width=\"683\" height=\"1024\" data-wp-class--hide=\"state.isContentHidden\" data-wp-class--show=\"state.isContentVisible\" data-wp-init=\"callbacks.setButtonStyles\" data-wp-on--click=\"actions.showLightbox\" data-wp-on--load=\"callbacks.setButtonStyles\" data-wp-on-window--resize=\"callbacks.setButtonStyles\" data-id=\"1185\" src=\"https:\/\/martiresparroquiasanpiox.org\/wp-content\/uploads\/2024\/10\/maria-teresa-y-sus-hijas-martires-cartas-de-maria-jesus-a-sus-hermanos-1934-28-octubre-3-683x1024.png\" alt=\"Mar&#xED;a Teresa e le sue figlie martiri - Parrocchia San Pio X di Algemes&#xED; Valencia - da Suor Mar&#xED;a Jes&#xFA;s Masi&#xE1; ai suoi fratelli e sorelle 1934 28 ottobre\" class=\"wp-image-1185\" srcset=\"https:\/\/martiresparroquiasanpiox.org\/wp-content\/uploads\/2024\/10\/maria-teresa-y-sus-hijas-martires-cartas-de-maria-jesus-a-sus-hermanos-1934-28-octubre-3-683x1024.png 683w, https:\/\/martiresparroquiasanpiox.org\/wp-content\/uploads\/2024\/10\/maria-teresa-y-sus-hijas-martires-cartas-de-maria-jesus-a-sus-hermanos-1934-28-octubre-3-200x300.png 200w, https:\/\/martiresparroquiasanpiox.org\/wp-content\/uploads\/2024\/10\/maria-teresa-y-sus-hijas-martires-cartas-de-maria-jesus-a-sus-hermanos-1934-28-octubre-3.png 720w\" sizes=\"auto, (max-width: 683px) 100vw, 683px\" \/><button\n\t\t\tclass=\"lightbox-trigger\"\n\t\t\ttype=\"button\"\n\t\t\taria-haspopup=\"dialog\"\n\t\t\taria-label=\"Ingrandisci\"\n\t\t\tdata-wp-init=\"callbacks.initTriggerButton\"\n\t\t\tdata-wp-on--click=\"actions.showLightbox\"\n\t\t\tdata-wp-style--right=\"state.imageButtonRight\"\n\t\t\tdata-wp-style--top=\"state.imageButtonTop\"\n\t\t>\n\t\t\t<svg xmlns=\"http:\/\/www.w3.org\/2000\/svg\" width=\"12\" height=\"12\" fill=\"none\" viewBox=\"0 0 12 12\">\n\t\t\t\t<path fill=\"#fff\" d=\"M2 0a2 2 0 0 0-2 2v2h1.5V2a.5.5 0 0 1 .5-.5h2V0H2Zm2 10.5H2a.5.5 0 0 1-.5-.5V8H0v2a2 2 0 0 0 2 2h2v-1.5ZM8 12v-1.5h2a.5.5 0 0 0 .5-.5V8H12v2a2 2 0 0 1-2 2H8Zm2-12a2 2 0 0 1 2 2v2h-1.5V2a.5.5 0 0 0-.5-.5H8V0h2Z\" \/>\n\t\t\t<\/svg>\n\t\t<\/button><\/figure>\n\n\n\n<figure data-wp-context=\"{&quot;imageId&quot;:&quot;69f10e9d5dbf7&quot;}\" data-wp-interactive=\"core\/image\" data-wp-key=\"69f10e9d5dbf7\" class=\"wp-block-image size-large wp-lightbox-container\"><img loading=\"lazy\" decoding=\"async\" width=\"683\" height=\"1024\" data-wp-class--hide=\"state.isContentHidden\" data-wp-class--show=\"state.isContentVisible\" data-wp-init=\"callbacks.setButtonStyles\" data-wp-on--click=\"actions.showLightbox\" data-wp-on--load=\"callbacks.setButtonStyles\" data-wp-on-window--resize=\"callbacks.setButtonStyles\" data-id=\"1175\" src=\"https:\/\/martiresparroquiasanpiox.org\/wp-content\/uploads\/2024\/10\/maria-teresa-y-sus-hijas-martires-cartas-de-maria-jesus-a-sus-hermanos-1934-28-octubre-1-683x1024.png\" alt=\"Mar&#xED;a Teresa e le sue figlie martiri - Parrocchia San Pio X di Algemes&#xED; Valencia - da Suor Mar&#xED;a Jes&#xFA;s Masi&#xE1; ai suoi fratelli e sorelle 1934 28 ottobre\" class=\"wp-image-1175\" srcset=\"https:\/\/martiresparroquiasanpiox.org\/wp-content\/uploads\/2024\/10\/maria-teresa-y-sus-hijas-martires-cartas-de-maria-jesus-a-sus-hermanos-1934-28-octubre-1-683x1024.png 683w, https:\/\/martiresparroquiasanpiox.org\/wp-content\/uploads\/2024\/10\/maria-teresa-y-sus-hijas-martires-cartas-de-maria-jesus-a-sus-hermanos-1934-28-octubre-1-200x300.png 200w, https:\/\/martiresparroquiasanpiox.org\/wp-content\/uploads\/2024\/10\/maria-teresa-y-sus-hijas-martires-cartas-de-maria-jesus-a-sus-hermanos-1934-28-octubre-1.png 720w\" sizes=\"auto, (max-width: 683px) 100vw, 683px\" \/><button\n\t\t\tclass=\"lightbox-trigger\"\n\t\t\ttype=\"button\"\n\t\t\taria-haspopup=\"dialog\"\n\t\t\taria-label=\"Ingrandisci\"\n\t\t\tdata-wp-init=\"callbacks.initTriggerButton\"\n\t\t\tdata-wp-on--click=\"actions.showLightbox\"\n\t\t\tdata-wp-style--right=\"state.imageButtonRight\"\n\t\t\tdata-wp-style--top=\"state.imageButtonTop\"\n\t\t>\n\t\t\t<svg xmlns=\"http:\/\/www.w3.org\/2000\/svg\" width=\"12\" height=\"12\" fill=\"none\" viewBox=\"0 0 12 12\">\n\t\t\t\t<path fill=\"#fff\" d=\"M2 0a2 2 0 0 0-2 2v2h1.5V2a.5.5 0 0 1 .5-.5h2V0H2Zm2 10.5H2a.5.5 0 0 1-.5-.5V8H0v2a2 2 0 0 0 2 2h2v-1.5ZM8 12v-1.5h2a.5.5 0 0 0 .5-.5V8H12v2a2 2 0 0 1-2 2H8Zm2-12a2 2 0 0 1 2 2v2h-1.5V2a.5.5 0 0 0-.5-.5H8V0h2Z\" \/>\n\t\t\t<\/svg>\n\t\t<\/button><\/figure>\n\n\n\n<figure data-wp-context=\"{&quot;imageId&quot;:&quot;69f10e9d5e248&quot;}\" data-wp-interactive=\"core\/image\" data-wp-key=\"69f10e9d5e248\" class=\"wp-block-image size-large wp-lightbox-container\"><img loading=\"lazy\" decoding=\"async\" width=\"1024\" height=\"813\" data-wp-class--hide=\"state.isContentHidden\" data-wp-class--show=\"state.isContentVisible\" data-wp-init=\"callbacks.setButtonStyles\" data-wp-on--click=\"actions.showLightbox\" data-wp-on--load=\"callbacks.setButtonStyles\" data-wp-on-window--resize=\"callbacks.setButtonStyles\" data-id=\"1180\" src=\"https:\/\/martiresparroquiasanpiox.org\/wp-content\/uploads\/2024\/10\/maria-teresa-y-sus-hijas-martires-cartas-de-maria-jesus-a-sus-hermanos-1934-28-octubre-2-1024x813.png\" alt=\"Mar&#xED;a Teresa e le sue figlie martiri - Parrocchia San Pio X di Algemes&#xED; Valencia - da Suor Mar&#xED;a Jes&#xFA;s Masi&#xE1; ai suoi fratelli e sorelle 1934 28 ottobre\" class=\"wp-image-1180\" srcset=\"https:\/\/martiresparroquiasanpiox.org\/wp-content\/uploads\/2024\/10\/maria-teresa-y-sus-hijas-martires-cartas-de-maria-jesus-a-sus-hermanos-1934-28-octubre-2-1024x813.png 1024w, https:\/\/martiresparroquiasanpiox.org\/wp-content\/uploads\/2024\/10\/maria-teresa-y-sus-hijas-martires-cartas-de-maria-jesus-a-sus-hermanos-1934-28-octubre-2-300x238.png 300w, https:\/\/martiresparroquiasanpiox.org\/wp-content\/uploads\/2024\/10\/maria-teresa-y-sus-hijas-martires-cartas-de-maria-jesus-a-sus-hermanos-1934-28-octubre-2-768x609.png 768w, https:\/\/martiresparroquiasanpiox.org\/wp-content\/uploads\/2024\/10\/maria-teresa-y-sus-hijas-martires-cartas-de-maria-jesus-a-sus-hermanos-1934-28-octubre-2-378x300.png 378w, https:\/\/martiresparroquiasanpiox.org\/wp-content\/uploads\/2024\/10\/maria-teresa-y-sus-hijas-martires-cartas-de-maria-jesus-a-sus-hermanos-1934-28-octubre-2.png 1361w\" sizes=\"auto, (max-width: 1024px) 100vw, 1024px\" \/><button\n\t\t\tclass=\"lightbox-trigger\"\n\t\t\ttype=\"button\"\n\t\t\taria-haspopup=\"dialog\"\n\t\t\taria-label=\"Ingrandisci\"\n\t\t\tdata-wp-init=\"callbacks.initTriggerButton\"\n\t\t\tdata-wp-on--click=\"actions.showLightbox\"\n\t\t\tdata-wp-style--right=\"state.imageButtonRight\"\n\t\t\tdata-wp-style--top=\"state.imageButtonTop\"\n\t\t>\n\t\t\t<svg xmlns=\"http:\/\/www.w3.org\/2000\/svg\" width=\"12\" height=\"12\" fill=\"none\" viewBox=\"0 0 12 12\">\n\t\t\t\t<path fill=\"#fff\" d=\"M2 0a2 2 0 0 0-2 2v2h1.5V2a.5.5 0 0 1 .5-.5h2V0H2Zm2 10.5H2a.5.5 0 0 1-.5-.5V8H0v2a2 2 0 0 0 2 2h2v-1.5ZM8 12v-1.5h2a.5.5 0 0 0 .5-.5V8H12v2a2 2 0 0 1-2 2H8Zm2-12a2 2 0 0 1 2 2v2h-1.5V2a.5.5 0 0 0-.5-.5H8V0h2Z\" \/>\n\t\t\t<\/svg>\n\t\t<\/button><\/figure>\n<\/figure>\n\n<div style=\"height:40px\" aria-hidden=\"true\" class=\"wp-block-spacer\"><\/div>\n\n<p>+<\/p>\n\n<p>Cappuccine di Agullent<\/p>\n\n<p>28 Ottobre 1934<\/p>\n\n<p>I miei carissimi fratelli Bautista e Purificaci\u00f3n:<\/p>\n\n<p>Con molta gioia, e allo stesso tempo con grande pena, vedendo la situazione in cui si trova Bautista, e quali giorni cos\u00ec amari avete passato. Poverino mio, tu che stai soffrendo un&#8217;operazione cos\u00ec dura. Non puoi immaginare cosa abbiamo provato. Ci mancano le parole per esprimere il dolore che abbiamo nel vederti cos\u00ec, ma qualunque cosa costi, che ti sistemino bene quando sar\u00e0 il momento. E che giorni abbiamo passato aspettando notizie da te. Non sapevamo l&#8217;indirizzo, e abbiamo scritto a Josefa Ramona e alla madre, e entrambe hanno risposto. Ma, ahim\u00e8, che pena! Non riesco a dirti, non sapevo cosa mi stesse succedendo. Sono andata alla tribuna, e con tutto il fervore della mia anima ho chiesto al Santissimo Cristo della salute che, poich\u00e9 aveva permesso tale disgrazia, per amore della Santissima Vergine, sua Madre, ti concedesse la salute e che ti rimettessi presto e bene. La madre Abbadessa lo ha preso con molto interesse. Mi diceva, e sono riuscita come fosse una mia cosa, abbiamo fatto in comunit\u00e0 3 novene alla Santissima Vergine e molte suppliche. E con quanto fervore, tutta la comunit\u00e0. Ora ho capito quanto apprezzano Bautista, ma lui merita tutto, e quanto desidero che stia bene completamente.<\/p>\n\n<p>Il mio pensiero \u00e8 sempre rivolto a voi, e poich\u00e9 non posso aiutarvi in nulla di corporeo, mando gli angeli a consolarvi e ad aiutarvi in tutto.<\/p>\n\n<p>E la povera M\u00aa Vicenta, e quanto la ricordo. Dio la ama molto, perch\u00e9 non ha ancora superato un dolore, ne ha gi\u00e0 un altro. Abbiate cura di Bautista e, tu e Purificaci\u00f3n, non lasciatevi trascurare perch\u00e9 avrete sofferto molto.<\/p>\n\n<p>E il bambino, non perdetelo di vista. L&#8217;altro giorno ci hanno detto che i cattivi hanno cavato gli occhi a pi\u00f9 di 20 bambini, e io ho detto che ora la tata doveva stare in strada con il nostro, e trasmettergli qualcosa. E la madre badessa mi ha detto che, sebbene Purificaci\u00f3n e M\u00aa Vicenta siano con Bautista, Consuelo \u00e8 l\u00ec per occuparsi di Juanito come se fosse suo, e io ci credo. Che si prenda cura di tutti, noi la consideriamo una cosa di famiglia, e il Signore la ricompenser\u00e0 in questa vita e nell&#8217;altra.<\/p>\n\n<p>Vi saluto. Abbiate cura di voi e, dato che stiamo per entrare in Quaresima, non potremo scrivere se non con molta precisione. Ma non smettete di mostrare le condizioni di Bautista, altrimenti soffriremo molto.<\/p>\n\n<p>Riceverete i ricordi della madre badessa e della comunit\u00e0, che condividerete con la madre quando tornerete a casa, perch\u00e9 la poveretta ha sofferto molto e sar\u00e0 molto felice di vedere entrare Bautista. Quindi addio, cari fratelli e sorelle. Ricevete un abbraccio da questa vostra sorella, che non vi dimentica e vi vuole molto bene.<\/p>\n\n<p>Suor Mar\u00eda Jes\u00fas<\/p>\n\n<p>(Post scriptum)<\/p>\n\n<p>Baci al mio Juanito, a Consuelo e alla tata. Prendetevi cura del bambino<\/p>\n\n<div style=\"height:40px\" aria-hidden=\"true\" class=\"wp-block-spacer\"><\/div>\n<div class=\"wp-block-image\">\n<figure class=\"aligncenter size-large is-resized\"><img loading=\"lazy\" decoding=\"async\" width=\"1024\" height=\"30\" src=\"https:\/\/martiresparroquiasanpiox.org\/wp-content\/uploads\/2024\/09\/maria-teresa-y-sus-hijas-martires-cartas-separador-1024x30.png\" alt=\"Mar&#xED;a Teresa e le sue figlie martiri - Parroquia San Pio X de Algemes&#xED; Valencia - schede di separazione\" class=\"wp-image-297\" style=\"width:1091px;height:auto\" srcset=\"https:\/\/martiresparroquiasanpiox.org\/wp-content\/uploads\/2024\/09\/maria-teresa-y-sus-hijas-martires-cartas-separador-1024x30.png 1024w, https:\/\/martiresparroquiasanpiox.org\/wp-content\/uploads\/2024\/09\/maria-teresa-y-sus-hijas-martires-cartas-separador-300x9.png 300w, https:\/\/martiresparroquiasanpiox.org\/wp-content\/uploads\/2024\/09\/maria-teresa-y-sus-hijas-martires-cartas-separador-768x23.png 768w, https:\/\/martiresparroquiasanpiox.org\/wp-content\/uploads\/2024\/09\/maria-teresa-y-sus-hijas-martires-cartas-separador-1536x46.png 1536w, https:\/\/martiresparroquiasanpiox.org\/wp-content\/uploads\/2024\/09\/maria-teresa-y-sus-hijas-martires-cartas-separador-583x17.png 583w, https:\/\/martiresparroquiasanpiox.org\/wp-content\/uploads\/2024\/09\/maria-teresa-y-sus-hijas-martires-cartas-separador.png 1920w\" sizes=\"auto, (max-width: 1024px) 100vw, 1024px\" \/><\/figure>\n<\/div>\n<div style=\"height:40px\" aria-hidden=\"true\" class=\"wp-block-spacer\"><\/div>\n\n<h4 class=\"wp-block-heading has-text-align-center\"><b><strong>1935, ai suoi fratelli<\/strong><\/b><\/h4>\n\n<div style=\"height:40px\" aria-hidden=\"true\" class=\"wp-block-spacer\"><\/div>\n\n<figure class=\"wp-block-gallery aligncenter has-nested-images columns-default is-cropped wp-block-gallery-5 is-layout-flex wp-block-gallery-is-layout-flex\">\n<figure data-wp-context=\"{&quot;imageId&quot;:&quot;69f10e9d5ee6a&quot;}\" data-wp-interactive=\"core\/image\" data-wp-key=\"69f10e9d5ee6a\" class=\"wp-block-image size-large wp-lightbox-container\"><img loading=\"lazy\" decoding=\"async\" width=\"694\" height=\"1024\" data-wp-class--hide=\"state.isContentHidden\" data-wp-class--show=\"state.isContentVisible\" data-wp-init=\"callbacks.setButtonStyles\" data-wp-on--click=\"actions.showLightbox\" data-wp-on--load=\"callbacks.setButtonStyles\" data-wp-on-window--resize=\"callbacks.setButtonStyles\" data-id=\"1190\" src=\"https:\/\/martiresparroquiasanpiox.org\/wp-content\/uploads\/2024\/10\/maria-teresa-y-sus-hijas-martires-cartas-de-maria-jesus-a-sus-hermanos-1935-1-694x1024.png\" alt=\"Mar&#xED;a Teresa e le sue Figlie Martiri - Parrocchia San Pio X di Algemes&#xED; Valencia - da Suor Mar&#xED;a Jes&#xFA;s Masi&#xE1; ai suoi fratelli 1935\" class=\"wp-image-1190\" srcset=\"https:\/\/martiresparroquiasanpiox.org\/wp-content\/uploads\/2024\/10\/maria-teresa-y-sus-hijas-martires-cartas-de-maria-jesus-a-sus-hermanos-1935-1-694x1024.png 694w, https:\/\/martiresparroquiasanpiox.org\/wp-content\/uploads\/2024\/10\/maria-teresa-y-sus-hijas-martires-cartas-de-maria-jesus-a-sus-hermanos-1935-1-203x300.png 203w, https:\/\/martiresparroquiasanpiox.org\/wp-content\/uploads\/2024\/10\/maria-teresa-y-sus-hijas-martires-cartas-de-maria-jesus-a-sus-hermanos-1935-1.png 732w\" sizes=\"auto, (max-width: 694px) 100vw, 694px\" \/><button\n\t\t\tclass=\"lightbox-trigger\"\n\t\t\ttype=\"button\"\n\t\t\taria-haspopup=\"dialog\"\n\t\t\taria-label=\"Ingrandisci\"\n\t\t\tdata-wp-init=\"callbacks.initTriggerButton\"\n\t\t\tdata-wp-on--click=\"actions.showLightbox\"\n\t\t\tdata-wp-style--right=\"state.imageButtonRight\"\n\t\t\tdata-wp-style--top=\"state.imageButtonTop\"\n\t\t>\n\t\t\t<svg xmlns=\"http:\/\/www.w3.org\/2000\/svg\" width=\"12\" height=\"12\" fill=\"none\" viewBox=\"0 0 12 12\">\n\t\t\t\t<path fill=\"#fff\" d=\"M2 0a2 2 0 0 0-2 2v2h1.5V2a.5.5 0 0 1 .5-.5h2V0H2Zm2 10.5H2a.5.5 0 0 1-.5-.5V8H0v2a2 2 0 0 0 2 2h2v-1.5ZM8 12v-1.5h2a.5.5 0 0 0 .5-.5V8H12v2a2 2 0 0 1-2 2H8Zm2-12a2 2 0 0 1 2 2v2h-1.5V2a.5.5 0 0 0-.5-.5H8V0h2Z\" \/>\n\t\t\t<\/svg>\n\t\t<\/button><\/figure>\n\n\n\n<figure data-wp-context=\"{&quot;imageId&quot;:&quot;69f10e9d5f4bc&quot;}\" data-wp-interactive=\"core\/image\" data-wp-key=\"69f10e9d5f4bc\" class=\"wp-block-image size-large wp-lightbox-container\"><img loading=\"lazy\" decoding=\"async\" width=\"673\" height=\"1024\" data-wp-class--hide=\"state.isContentHidden\" data-wp-class--show=\"state.isContentVisible\" data-wp-init=\"callbacks.setButtonStyles\" data-wp-on--click=\"actions.showLightbox\" data-wp-on--load=\"callbacks.setButtonStyles\" data-wp-on-window--resize=\"callbacks.setButtonStyles\" data-id=\"1195\" src=\"https:\/\/martiresparroquiasanpiox.org\/wp-content\/uploads\/2024\/10\/maria-teresa-y-sus-hijas-martires-cartas-de-maria-jesus-a-sus-hermanos-1935-2-673x1024.png\" alt=\"Mar&#xED;a Teresa e le sue Figlie Martiri - Parrocchia San Pio X di Algemes&#xED; Valencia - da Suor Mar&#xED;a Jes&#xFA;s Masi&#xE1; ai suoi fratelli 1935\" class=\"wp-image-1195\" srcset=\"https:\/\/martiresparroquiasanpiox.org\/wp-content\/uploads\/2024\/10\/maria-teresa-y-sus-hijas-martires-cartas-de-maria-jesus-a-sus-hermanos-1935-2-673x1024.png 673w, https:\/\/martiresparroquiasanpiox.org\/wp-content\/uploads\/2024\/10\/maria-teresa-y-sus-hijas-martires-cartas-de-maria-jesus-a-sus-hermanos-1935-2-197x300.png 197w, https:\/\/martiresparroquiasanpiox.org\/wp-content\/uploads\/2024\/10\/maria-teresa-y-sus-hijas-martires-cartas-de-maria-jesus-a-sus-hermanos-1935-2.png 710w\" sizes=\"auto, (max-width: 673px) 100vw, 673px\" \/><button\n\t\t\tclass=\"lightbox-trigger\"\n\t\t\ttype=\"button\"\n\t\t\taria-haspopup=\"dialog\"\n\t\t\taria-label=\"Ingrandisci\"\n\t\t\tdata-wp-init=\"callbacks.initTriggerButton\"\n\t\t\tdata-wp-on--click=\"actions.showLightbox\"\n\t\t\tdata-wp-style--right=\"state.imageButtonRight\"\n\t\t\tdata-wp-style--top=\"state.imageButtonTop\"\n\t\t>\n\t\t\t<svg xmlns=\"http:\/\/www.w3.org\/2000\/svg\" width=\"12\" height=\"12\" fill=\"none\" viewBox=\"0 0 12 12\">\n\t\t\t\t<path fill=\"#fff\" d=\"M2 0a2 2 0 0 0-2 2v2h1.5V2a.5.5 0 0 1 .5-.5h2V0H2Zm2 10.5H2a.5.5 0 0 1-.5-.5V8H0v2a2 2 0 0 0 2 2h2v-1.5ZM8 12v-1.5h2a.5.5 0 0 0 .5-.5V8H12v2a2 2 0 0 1-2 2H8Zm2-12a2 2 0 0 1 2 2v2h-1.5V2a.5.5 0 0 0-.5-.5H8V0h2Z\" \/>\n\t\t\t<\/svg>\n\t\t<\/button><\/figure>\n<\/figure>\n\n<div style=\"height:40px\" aria-hidden=\"true\" class=\"wp-block-spacer\"><\/div>\n\n<p>+<\/p>\n\n<p>Cappuccine Agullent,<\/p>\n\n<p>1935<\/p>\n\n<p>I miei cari fratelli Bautista, Purificaci\u00f3n e il resto della mia famiglia:<\/p>\n\n<p>Abbiamo ricevuto in tempo la lettera di Bautista, che conserviamo come ricordo; ha sofferto moltissimo, e tu Purificazione e M\u00aa Vicenta, nel vederlo soffrire, poich\u00e9 la madre a casa non so come abbia potuto sopportarlo e senza vederlo, tanto \u00e8 l&#8217;amore che il Signore ha per lui, che lo ricompensi con tutta la Gloria.<\/p>\n\n<p>Con l&#8217;avvicinarsi del giorno della Purificazione, come segno di affetto ti mando queste letterine, che la Santissima Vergine ti colmi delle sue grazie e, in compenso del calvario che hai passato con la malattia di Bautista, ti sia un inizio di una santit\u00e0 eminentissima e che la Vergine completi la guarigione di Bautista, e che tutti insieme in santa gioia trascorriamo tantissimi anni, godendo di Juanito, che gi\u00e0 dar\u00e0 gioia con il suo \u201cteta\u201d, che vorr\u00e0 dire \u201cteta\u201d.<\/p>\n\n<p>Ti chiedo una cosa, e cio\u00e8 che ho bisogno di un piccolo velo, se tu avessi una vestaglia o un vecchio vestito di Mar\u00eda Vicenta di l\u00e0, me lo farei fare, perch\u00e9 mi fa pena nuovo. Vedrai, sai che se devi dare qualche vestito e in pi\u00f9 se \u00e8 nero, prima siamo noi, e ti dir\u00f2 a cosa mi serve.<\/p>\n\n<p>Prendetevi cura della madre. Scoprite se mangia o se ha freddo. Fate in modo che si prenda cura di lei, perch\u00e9 essendo cos\u00ec vecchia ha bisogno di molto riparo e di non trascurare il cibo. Non vedo l&#8217;ora di vedervi tutti. Vediamo se in estate potete venire a raccontarmi tutto. Ho molte cose da raccontarvi e non posso farlo per iscritto. Non ho notizie di Serafin da prima di Natale. Ricordo la madre badessa e la comunit\u00e0, coloro che parteciperanno con la madre e Mar\u00eda Vicenta, Consuelo e tu. Sai quanto ti vuole bene tua sorella.<\/p>\n\n<p>Suor Mar\u00eda Jes\u00fas Masi\u00e1<\/p>\n\n<p>(Post scriptum)<\/p>\n\n<p>Al mio Juanito tanti baci, non vedo l&#8217;ora di vederlo.<\/p>\n\n<div style=\"height:40px\" aria-hidden=\"true\" class=\"wp-block-spacer\"><\/div>\n<div class=\"wp-block-image\">\n<figure class=\"aligncenter size-large is-resized\"><img loading=\"lazy\" decoding=\"async\" width=\"1024\" height=\"30\" src=\"https:\/\/martiresparroquiasanpiox.org\/wp-content\/uploads\/2024\/09\/maria-teresa-y-sus-hijas-martires-cartas-separador-1024x30.png\" alt=\"Mar&#xED;a Teresa e le sue figlie martiri - Parroquia San Pio X de Algemes&#xED; Valencia - schede di separazione\" class=\"wp-image-297\" style=\"width:1024px;height:auto\" srcset=\"https:\/\/martiresparroquiasanpiox.org\/wp-content\/uploads\/2024\/09\/maria-teresa-y-sus-hijas-martires-cartas-separador-1024x30.png 1024w, https:\/\/martiresparroquiasanpiox.org\/wp-content\/uploads\/2024\/09\/maria-teresa-y-sus-hijas-martires-cartas-separador-300x9.png 300w, https:\/\/martiresparroquiasanpiox.org\/wp-content\/uploads\/2024\/09\/maria-teresa-y-sus-hijas-martires-cartas-separador-768x23.png 768w, https:\/\/martiresparroquiasanpiox.org\/wp-content\/uploads\/2024\/09\/maria-teresa-y-sus-hijas-martires-cartas-separador-1536x46.png 1536w, https:\/\/martiresparroquiasanpiox.org\/wp-content\/uploads\/2024\/09\/maria-teresa-y-sus-hijas-martires-cartas-separador-583x17.png 583w, https:\/\/martiresparroquiasanpiox.org\/wp-content\/uploads\/2024\/09\/maria-teresa-y-sus-hijas-martires-cartas-separador.png 1920w\" sizes=\"auto, (max-width: 1024px) 100vw, 1024px\" \/><\/figure>\n<\/div>\n<div style=\"height:40px\" aria-hidden=\"true\" class=\"wp-block-spacer\"><\/div>\n\n<h4 class=\"wp-block-heading has-text-align-center\"><b><strong>Da marzo a giugno 1936, alla sorellina Josefa<\/strong><\/b><\/h4>\n\n<div style=\"height:40px\" aria-hidden=\"true\" class=\"wp-block-spacer\"><\/div>\n<div class=\"wp-block-image\">\n<figure data-wp-context=\"{&quot;imageId&quot;:&quot;69f10e9d60094&quot;}\" data-wp-interactive=\"core\/image\" data-wp-key=\"69f10e9d60094\" class=\"aligncenter size-large wp-lightbox-container\"><img loading=\"lazy\" decoding=\"async\" width=\"1024\" height=\"803\" data-wp-class--hide=\"state.isContentHidden\" data-wp-class--show=\"state.isContentVisible\" data-wp-init=\"callbacks.setButtonStyles\" data-wp-on--click=\"actions.showLightbox\" data-wp-on--load=\"callbacks.setButtonStyles\" data-wp-on-window--resize=\"callbacks.setButtonStyles\" src=\"https:\/\/martiresparroquiasanpiox.org\/wp-content\/uploads\/2024\/10\/maria-teresa-y-sus-hijas-martires-cartas-de-maria-jesus-a-su-hermana-josefa-1936-marzo-junio-0-1024x803.png\" alt=\"Mar&#xED;a Teresa e le sue figlie martiri - Chiesa parrocchiale di San Pio X di Algemes&#xED; Valencia - da suor Mar&#xED;a Jes&#xFA;s Masi&#xE1; alla sorellina Josefa 1936 marzo giugno\" class=\"wp-image-1201\" srcset=\"https:\/\/martiresparroquiasanpiox.org\/wp-content\/uploads\/2024\/10\/maria-teresa-y-sus-hijas-martires-cartas-de-maria-jesus-a-su-hermana-josefa-1936-marzo-junio-0-1024x803.png 1024w, https:\/\/martiresparroquiasanpiox.org\/wp-content\/uploads\/2024\/10\/maria-teresa-y-sus-hijas-martires-cartas-de-maria-jesus-a-su-hermana-josefa-1936-marzo-junio-0-300x235.png 300w, https:\/\/martiresparroquiasanpiox.org\/wp-content\/uploads\/2024\/10\/maria-teresa-y-sus-hijas-martires-cartas-de-maria-jesus-a-su-hermana-josefa-1936-marzo-junio-0-768x602.png 768w, https:\/\/martiresparroquiasanpiox.org\/wp-content\/uploads\/2024\/10\/maria-teresa-y-sus-hijas-martires-cartas-de-maria-jesus-a-su-hermana-josefa-1936-marzo-junio-0-383x300.png 383w, https:\/\/martiresparroquiasanpiox.org\/wp-content\/uploads\/2024\/10\/maria-teresa-y-sus-hijas-martires-cartas-de-maria-jesus-a-su-hermana-josefa-1936-marzo-junio-0.png 1378w\" sizes=\"auto, (max-width: 1024px) 100vw, 1024px\" \/><button\n\t\t\tclass=\"lightbox-trigger\"\n\t\t\ttype=\"button\"\n\t\t\taria-haspopup=\"dialog\"\n\t\t\taria-label=\"Ingrandisci\"\n\t\t\tdata-wp-init=\"callbacks.initTriggerButton\"\n\t\t\tdata-wp-on--click=\"actions.showLightbox\"\n\t\t\tdata-wp-style--right=\"state.imageButtonRight\"\n\t\t\tdata-wp-style--top=\"state.imageButtonTop\"\n\t\t>\n\t\t\t<svg xmlns=\"http:\/\/www.w3.org\/2000\/svg\" width=\"12\" height=\"12\" fill=\"none\" viewBox=\"0 0 12 12\">\n\t\t\t\t<path fill=\"#fff\" d=\"M2 0a2 2 0 0 0-2 2v2h1.5V2a.5.5 0 0 1 .5-.5h2V0H2Zm2 10.5H2a.5.5 0 0 1-.5-.5V8H0v2a2 2 0 0 0 2 2h2v-1.5ZM8 12v-1.5h2a.5.5 0 0 0 .5-.5V8H12v2a2 2 0 0 1-2 2H8Zm2-12a2 2 0 0 1 2 2v2h-1.5V2a.5.5 0 0 0-.5-.5H8V0h2Z\" \/>\n\t\t\t<\/svg>\n\t\t<\/button><\/figure>\n<\/div>\n<div style=\"height:30px\" aria-hidden=\"true\" class=\"wp-block-spacer\"><\/div>\n\n<figure class=\"wp-block-gallery aligncenter has-nested-images columns-default is-cropped wp-block-gallery-6 is-layout-flex wp-block-gallery-is-layout-flex\">\n<figure data-wp-context=\"{&quot;imageId&quot;:&quot;69f10e9d60775&quot;}\" data-wp-interactive=\"core\/image\" data-wp-key=\"69f10e9d60775\" class=\"wp-block-image size-large wp-lightbox-container\"><img loading=\"lazy\" decoding=\"async\" width=\"670\" height=\"1024\" data-wp-class--hide=\"state.isContentHidden\" data-wp-class--show=\"state.isContentVisible\" data-wp-init=\"callbacks.setButtonStyles\" data-wp-on--click=\"actions.showLightbox\" data-wp-on--load=\"callbacks.setButtonStyles\" data-wp-on-window--resize=\"callbacks.setButtonStyles\" data-id=\"1206\" src=\"https:\/\/martiresparroquiasanpiox.org\/wp-content\/uploads\/2024\/10\/maria-teresa-y-sus-hijas-martires-cartas-de-maria-jesus-a-su-hermana-josefa-1936-marzo-junio-1-670x1024.png\" alt=\"Mar&#xED;a Teresa e le sue figlie martiri - Chiesa parrocchiale di San Pio X di Algemes&#xED; Valencia - da suor Mar&#xED;a Jes&#xFA;s Masi&#xE1; alla sorellina Josefa 1936 marzo giugno\" class=\"wp-image-1206\" srcset=\"https:\/\/martiresparroquiasanpiox.org\/wp-content\/uploads\/2024\/10\/maria-teresa-y-sus-hijas-martires-cartas-de-maria-jesus-a-su-hermana-josefa-1936-marzo-junio-1-670x1024.png 670w, https:\/\/martiresparroquiasanpiox.org\/wp-content\/uploads\/2024\/10\/maria-teresa-y-sus-hijas-martires-cartas-de-maria-jesus-a-su-hermana-josefa-1936-marzo-junio-1-196x300.png 196w, https:\/\/martiresparroquiasanpiox.org\/wp-content\/uploads\/2024\/10\/maria-teresa-y-sus-hijas-martires-cartas-de-maria-jesus-a-su-hermana-josefa-1936-marzo-junio-1.png 707w\" sizes=\"auto, (max-width: 670px) 100vw, 670px\" \/><button\n\t\t\tclass=\"lightbox-trigger\"\n\t\t\ttype=\"button\"\n\t\t\taria-haspopup=\"dialog\"\n\t\t\taria-label=\"Ingrandisci\"\n\t\t\tdata-wp-init=\"callbacks.initTriggerButton\"\n\t\t\tdata-wp-on--click=\"actions.showLightbox\"\n\t\t\tdata-wp-style--right=\"state.imageButtonRight\"\n\t\t\tdata-wp-style--top=\"state.imageButtonTop\"\n\t\t>\n\t\t\t<svg xmlns=\"http:\/\/www.w3.org\/2000\/svg\" width=\"12\" height=\"12\" fill=\"none\" viewBox=\"0 0 12 12\">\n\t\t\t\t<path fill=\"#fff\" d=\"M2 0a2 2 0 0 0-2 2v2h1.5V2a.5.5 0 0 1 .5-.5h2V0H2Zm2 10.5H2a.5.5 0 0 1-.5-.5V8H0v2a2 2 0 0 0 2 2h2v-1.5ZM8 12v-1.5h2a.5.5 0 0 0 .5-.5V8H12v2a2 2 0 0 1-2 2H8Zm2-12a2 2 0 0 1 2 2v2h-1.5V2a.5.5 0 0 0-.5-.5H8V0h2Z\" \/>\n\t\t\t<\/svg>\n\t\t<\/button><\/figure>\n\n\n\n<figure data-wp-context=\"{&quot;imageId&quot;:&quot;69f10e9d60e87&quot;}\" data-wp-interactive=\"core\/image\" data-wp-key=\"69f10e9d60e87\" class=\"wp-block-image size-large wp-lightbox-container\"><img loading=\"lazy\" decoding=\"async\" width=\"681\" height=\"1024\" data-wp-class--hide=\"state.isContentHidden\" data-wp-class--show=\"state.isContentVisible\" data-wp-init=\"callbacks.setButtonStyles\" data-wp-on--click=\"actions.showLightbox\" data-wp-on--load=\"callbacks.setButtonStyles\" data-wp-on-window--resize=\"callbacks.setButtonStyles\" data-id=\"1216\" src=\"https:\/\/martiresparroquiasanpiox.org\/wp-content\/uploads\/2024\/10\/maria-teresa-y-sus-hijas-martires-cartas-de-maria-jesus-a-su-hermana-josefa-1936-marzo-junio-3-681x1024.png\" alt=\"Mar&#xED;a Teresa e le sue figlie martiri - Chiesa parrocchiale di San Pio X di Algemes&#xED; Valencia - da suor Mar&#xED;a Jes&#xFA;s Masi&#xE1; alla sorellina Josefa 1936 marzo giugno\" class=\"wp-image-1216\" srcset=\"https:\/\/martiresparroquiasanpiox.org\/wp-content\/uploads\/2024\/10\/maria-teresa-y-sus-hijas-martires-cartas-de-maria-jesus-a-su-hermana-josefa-1936-marzo-junio-3-681x1024.png 681w, https:\/\/martiresparroquiasanpiox.org\/wp-content\/uploads\/2024\/10\/maria-teresa-y-sus-hijas-martires-cartas-de-maria-jesus-a-su-hermana-josefa-1936-marzo-junio-3-199x300.png 199w, https:\/\/martiresparroquiasanpiox.org\/wp-content\/uploads\/2024\/10\/maria-teresa-y-sus-hijas-martires-cartas-de-maria-jesus-a-su-hermana-josefa-1936-marzo-junio-3.png 718w\" sizes=\"auto, (max-width: 681px) 100vw, 681px\" \/><button\n\t\t\tclass=\"lightbox-trigger\"\n\t\t\ttype=\"button\"\n\t\t\taria-haspopup=\"dialog\"\n\t\t\taria-label=\"Ingrandisci\"\n\t\t\tdata-wp-init=\"callbacks.initTriggerButton\"\n\t\t\tdata-wp-on--click=\"actions.showLightbox\"\n\t\t\tdata-wp-style--right=\"state.imageButtonRight\"\n\t\t\tdata-wp-style--top=\"state.imageButtonTop\"\n\t\t>\n\t\t\t<svg xmlns=\"http:\/\/www.w3.org\/2000\/svg\" width=\"12\" height=\"12\" fill=\"none\" viewBox=\"0 0 12 12\">\n\t\t\t\t<path fill=\"#fff\" d=\"M2 0a2 2 0 0 0-2 2v2h1.5V2a.5.5 0 0 1 .5-.5h2V0H2Zm2 10.5H2a.5.5 0 0 1-.5-.5V8H0v2a2 2 0 0 0 2 2h2v-1.5ZM8 12v-1.5h2a.5.5 0 0 0 .5-.5V8H12v2a2 2 0 0 1-2 2H8Zm2-12a2 2 0 0 1 2 2v2h-1.5V2a.5.5 0 0 0-.5-.5H8V0h2Z\" \/>\n\t\t\t<\/svg>\n\t\t<\/button><\/figure>\n<\/figure>\n\n<div style=\"height:30px\" aria-hidden=\"true\" class=\"wp-block-spacer\"><\/div>\n<div class=\"wp-block-image\">\n<figure data-wp-context=\"{&quot;imageId&quot;:&quot;69f10e9d6160d&quot;}\" data-wp-interactive=\"core\/image\" data-wp-key=\"69f10e9d6160d\" class=\"aligncenter size-large wp-lightbox-container\"><img loading=\"lazy\" decoding=\"async\" width=\"1024\" height=\"820\" data-wp-class--hide=\"state.isContentHidden\" data-wp-class--show=\"state.isContentVisible\" data-wp-init=\"callbacks.setButtonStyles\" data-wp-on--click=\"actions.showLightbox\" data-wp-on--load=\"callbacks.setButtonStyles\" data-wp-on-window--resize=\"callbacks.setButtonStyles\" src=\"https:\/\/martiresparroquiasanpiox.org\/wp-content\/uploads\/2024\/10\/maria-teresa-y-sus-hijas-martires-cartas-de-maria-jesus-a-su-hermana-josefa-1936-marzo-junio-2-1024x820.png\" alt=\"Mar&#xED;a Teresa e le sue figlie martiri - Chiesa parrocchiale di San Pio X di Algemes&#xED; Valencia - da suor Mar&#xED;a Jes&#xFA;s Masi&#xE1; alla sorellina Josefa 1936 marzo giugno\" class=\"wp-image-1211\" srcset=\"https:\/\/martiresparroquiasanpiox.org\/wp-content\/uploads\/2024\/10\/maria-teresa-y-sus-hijas-martires-cartas-de-maria-jesus-a-su-hermana-josefa-1936-marzo-junio-2-1024x820.png 1024w, https:\/\/martiresparroquiasanpiox.org\/wp-content\/uploads\/2024\/10\/maria-teresa-y-sus-hijas-martires-cartas-de-maria-jesus-a-su-hermana-josefa-1936-marzo-junio-2-300x240.png 300w, https:\/\/martiresparroquiasanpiox.org\/wp-content\/uploads\/2024\/10\/maria-teresa-y-sus-hijas-martires-cartas-de-maria-jesus-a-su-hermana-josefa-1936-marzo-junio-2-768x615.png 768w, https:\/\/martiresparroquiasanpiox.org\/wp-content\/uploads\/2024\/10\/maria-teresa-y-sus-hijas-martires-cartas-de-maria-jesus-a-su-hermana-josefa-1936-marzo-junio-2-374x300.png 374w, https:\/\/martiresparroquiasanpiox.org\/wp-content\/uploads\/2024\/10\/maria-teresa-y-sus-hijas-martires-cartas-de-maria-jesus-a-su-hermana-josefa-1936-marzo-junio-2.png 1348w\" sizes=\"auto, (max-width: 1024px) 100vw, 1024px\" \/><button\n\t\t\tclass=\"lightbox-trigger\"\n\t\t\ttype=\"button\"\n\t\t\taria-haspopup=\"dialog\"\n\t\t\taria-label=\"Ingrandisci\"\n\t\t\tdata-wp-init=\"callbacks.initTriggerButton\"\n\t\t\tdata-wp-on--click=\"actions.showLightbox\"\n\t\t\tdata-wp-style--right=\"state.imageButtonRight\"\n\t\t\tdata-wp-style--top=\"state.imageButtonTop\"\n\t\t>\n\t\t\t<svg xmlns=\"http:\/\/www.w3.org\/2000\/svg\" width=\"12\" height=\"12\" fill=\"none\" viewBox=\"0 0 12 12\">\n\t\t\t\t<path fill=\"#fff\" d=\"M2 0a2 2 0 0 0-2 2v2h1.5V2a.5.5 0 0 1 .5-.5h2V0H2Zm2 10.5H2a.5.5 0 0 1-.5-.5V8H0v2a2 2 0 0 0 2 2h2v-1.5ZM8 12v-1.5h2a.5.5 0 0 0 .5-.5V8H12v2a2 2 0 0 1-2 2H8Zm2-12a2 2 0 0 1 2 2v2h-1.5V2a.5.5 0 0 0-.5-.5H8V0h2Z\" \/>\n\t\t\t<\/svg>\n\t\t<\/button><\/figure>\n<\/div>\n<div style=\"height:40px\" aria-hidden=\"true\" class=\"wp-block-spacer\"><\/div>\n\n<p>+<\/p>\n\n<p>Amato sia Ges\u00f9 Cristo<\/p>\n\n<p>La mia cara sorellina Josefa:<\/p>\n\n<p>Ho molte cose da dirvi, ma ve ne dir\u00f2 il pi\u00f9 possibile. Voglio vederti; molte piccole suore mi chiedono di te, vogliono vederti e parlare con te. Ho bisogno che tu mi dica come fai le albi arricciate senza stirare, perch\u00e9 per noi \u00e8 molto difficile stirarle, e con le dita arricciarle, e questo \u00e8 pesante, e che mi parli del tuo convento. Qualche giorno fa \u00e8 venuta una famiglia del retal, che ha visto la vostra superiora, ma non ha detto nulla di interessante.<\/p>\n\n<p>Vi dico anche che questo viaggio che Fratel Pedro sta facendo adesso&#8230;, \u00e8 che un cognato di mia madre Badessa \u00e8 un commerciante di tutti i cereali e ha il suo intermediario in molte citt\u00e0, e ne ha anche uno ad Algemes\u00ed, e manda il suo camion e a volte fa 23 viaggi. Cos\u00ec si \u00e8 offerto di portarvi tutto quello che ci danno, e siccome Fratel Pedro \u00e8 diventato cos\u00ec vecchio e nei tempi che stiamo attraversando non abbiamo soldi da spendere, cos\u00ec quel brav&#8217;uomo porter\u00e0 il fratello e tutto quello che gli daranno. Suor Felicidad non deve leggere n\u00e9 sapere questo. Dite alla madre e a Purificaci\u00f3n, che sapranno chi \u00e8 il marito di Concha, che sono molto benestanti e vogliono farci la carit\u00e0 di portarci a casa quello che ci danno.<\/p>\n\n<p>Direte anche alla madre che il riso \u00e8 gi\u00e0 \u201cremat\u201d, non compratene troppo. 50 chili, perch\u00e9 se ci fosse qualcosa. E tu madre fai come vuoi, e milioni di grazie per tutto, e che il Signore aumenti i tuoi beni sulla terra e poi nella Gloria.<\/p>\n\n<p>Josefa, devi essere molto magra e avere un brutto colorito, perch\u00e9 tutti quelli che mi parlano di te me lo dicono. Dimmi, stai soffrendo molto? E perch\u00e9, per il fatto di essere fuori dal convento o per la malattia di Suor Felicidad? Vorrei saperlo. Perci\u00f2 ti prego di scrivermi al pi\u00f9 presto, perch\u00e9 tutti quelli che mi parlano di te mi dicono che sei cos\u00ec magra e hai un brutto colorito. Raccontami tutto quello che ti succede, e ora puoi farlo. Solo la madre Badessa deve saperlo, e lei \u00e8 la mia confidente. Sai che in religione ci vogliamo tutti bene, ma alcuni pi\u00f9 di altri ci ispirano pi\u00f9 fiducia e pi\u00f9 amore, e questo non \u00e8 peccato. Suor Felicidad, se stesse bene, ve lo spiegherebbe, ma non essendo qui, non \u00e8 conveniente per lei leggere questo. Solo per voi, perch\u00e9 se sapesse che sono felice, avrebbe pi\u00f9 dolore. Perch\u00e9 il mio dolore \u00e8 solo la sua malattia; non ho gioia, l&#8217;ho sempre nel mio ricordo, non so a quale santo chiedere la sua salute. Leggete la lettera della madre e unitevi alla preghiera di Dio per lei.<\/p>\n\n<p>Vediamo se mi dici tutto. Dimmi come sta la madre, prenditi cura di lei, perch\u00e9 fa caldo e potrebbe perdere l&#8217;appetito, e vedi cosa mangia. Stalle vicino giorno e notte, perch\u00e9 sai che non abbiamo niente di pi\u00f9 importante al mondo.<\/p>\n\n<p>Le condividerai con tutta la famiglia, con Bautista, che sono molto ansioso di far venire, come sai, la madre badessa ti ha gi\u00e0 messo a letto nella prima stanza, in modo che tu possa riposare pi\u00f9 facilmente, abbiamo gi\u00e0 preso tutte le disposizioni.<\/p>\n\n<p>Non vedo l&#8217;ora di vedere tutti, mio Juanito, tanti baci; Purificaci\u00f3n, quando ti parler\u00f2? Arrivederci, care sorelle, vi amo molto, Josefa, Purificaci\u00f3n.<\/p>\n\n<p>Suor Mar\u00eda Jes\u00fas<\/p>\n\n<div style=\"height:40px\" aria-hidden=\"true\" class=\"wp-block-spacer\"><\/div>\n<div class=\"wp-block-image\">\n<figure class=\"aligncenter size-large\"><img loading=\"lazy\" decoding=\"async\" width=\"1024\" height=\"30\" src=\"https:\/\/martiresparroquiasanpiox.org\/wp-content\/uploads\/2024\/09\/maria-teresa-y-sus-hijas-martires-cartas-separador-1024x30.png\" alt=\"Mar&#xED;a Teresa e le sue figlie martiri - Parroquia San Pio X de Algemes&#xED; Valencia - schede di separazione\" class=\"wp-image-297\" srcset=\"https:\/\/martiresparroquiasanpiox.org\/wp-content\/uploads\/2024\/09\/maria-teresa-y-sus-hijas-martires-cartas-separador-1024x30.png 1024w, https:\/\/martiresparroquiasanpiox.org\/wp-content\/uploads\/2024\/09\/maria-teresa-y-sus-hijas-martires-cartas-separador-300x9.png 300w, https:\/\/martiresparroquiasanpiox.org\/wp-content\/uploads\/2024\/09\/maria-teresa-y-sus-hijas-martires-cartas-separador-768x23.png 768w, https:\/\/martiresparroquiasanpiox.org\/wp-content\/uploads\/2024\/09\/maria-teresa-y-sus-hijas-martires-cartas-separador-1536x46.png 1536w, https:\/\/martiresparroquiasanpiox.org\/wp-content\/uploads\/2024\/09\/maria-teresa-y-sus-hijas-martires-cartas-separador-583x17.png 583w, https:\/\/martiresparroquiasanpiox.org\/wp-content\/uploads\/2024\/09\/maria-teresa-y-sus-hijas-martires-cartas-separador.png 1920w\" sizes=\"auto, (max-width: 1024px) 100vw, 1024px\" \/><\/figure>\n<\/div>\n<div style=\"height:40px\" aria-hidden=\"true\" class=\"wp-block-spacer\"><\/div>\n\n<h4 class=\"wp-block-heading has-text-align-center\"><b><strong>11 giugno 1936<\/strong><\/b><\/h4>\n\n<div style=\"height:40px\" aria-hidden=\"true\" class=\"wp-block-spacer\"><\/div>\n\n<figure class=\"wp-block-gallery aligncenter has-nested-images columns-default is-cropped wp-block-gallery-7 is-layout-flex wp-block-gallery-is-layout-flex\">\n<figure data-wp-context=\"{&quot;imageId&quot;:&quot;69f10e9d62187&quot;}\" data-wp-interactive=\"core\/image\" data-wp-key=\"69f10e9d62187\" class=\"wp-block-image size-large wp-lightbox-container\"><img loading=\"lazy\" decoding=\"async\" width=\"668\" height=\"1024\" data-wp-class--hide=\"state.isContentHidden\" data-wp-class--show=\"state.isContentVisible\" data-wp-init=\"callbacks.setButtonStyles\" data-wp-on--click=\"actions.showLightbox\" data-wp-on--load=\"callbacks.setButtonStyles\" data-wp-on-window--resize=\"callbacks.setButtonStyles\" data-id=\"1221\" src=\"https:\/\/martiresparroquiasanpiox.org\/wp-content\/uploads\/2024\/10\/maria-teresa-y-sus-hijas-martires-cartas-de-maria-jesus-a-su-madre-y-hermanos-1936-11-junio-1-668x1024.png\" alt=\"Mar&#xED;a Teresa e le sue figlie martiri - Parrocchia San Pio X di Algemes&#xED; Valencia - da Suor Mar&#xED;a Jes&#xFA;s Masi&#xE1; alla madre e ai fratelli 1936 11 giugno\" class=\"wp-image-1221\" srcset=\"https:\/\/martiresparroquiasanpiox.org\/wp-content\/uploads\/2024\/10\/maria-teresa-y-sus-hijas-martires-cartas-de-maria-jesus-a-su-madre-y-hermanos-1936-11-junio-1-668x1024.png 668w, https:\/\/martiresparroquiasanpiox.org\/wp-content\/uploads\/2024\/10\/maria-teresa-y-sus-hijas-martires-cartas-de-maria-jesus-a-su-madre-y-hermanos-1936-11-junio-1-196x300.png 196w, https:\/\/martiresparroquiasanpiox.org\/wp-content\/uploads\/2024\/10\/maria-teresa-y-sus-hijas-martires-cartas-de-maria-jesus-a-su-madre-y-hermanos-1936-11-junio-1.png 705w\" sizes=\"auto, (max-width: 668px) 100vw, 668px\" \/><button\n\t\t\tclass=\"lightbox-trigger\"\n\t\t\ttype=\"button\"\n\t\t\taria-haspopup=\"dialog\"\n\t\t\taria-label=\"Ingrandisci\"\n\t\t\tdata-wp-init=\"callbacks.initTriggerButton\"\n\t\t\tdata-wp-on--click=\"actions.showLightbox\"\n\t\t\tdata-wp-style--right=\"state.imageButtonRight\"\n\t\t\tdata-wp-style--top=\"state.imageButtonTop\"\n\t\t>\n\t\t\t<svg xmlns=\"http:\/\/www.w3.org\/2000\/svg\" width=\"12\" height=\"12\" fill=\"none\" viewBox=\"0 0 12 12\">\n\t\t\t\t<path fill=\"#fff\" d=\"M2 0a2 2 0 0 0-2 2v2h1.5V2a.5.5 0 0 1 .5-.5h2V0H2Zm2 10.5H2a.5.5 0 0 1-.5-.5V8H0v2a2 2 0 0 0 2 2h2v-1.5ZM8 12v-1.5h2a.5.5 0 0 0 .5-.5V8H12v2a2 2 0 0 1-2 2H8Zm2-12a2 2 0 0 1 2 2v2h-1.5V2a.5.5 0 0 0-.5-.5H8V0h2Z\" \/>\n\t\t\t<\/svg>\n\t\t<\/button><\/figure>\n\n\n\n<figure data-wp-context=\"{&quot;imageId&quot;:&quot;69f10e9d62838&quot;}\" data-wp-interactive=\"core\/image\" data-wp-key=\"69f10e9d62838\" class=\"wp-block-image size-large wp-lightbox-container\"><img loading=\"lazy\" decoding=\"async\" width=\"694\" height=\"1024\" data-wp-class--hide=\"state.isContentHidden\" data-wp-class--show=\"state.isContentVisible\" data-wp-init=\"callbacks.setButtonStyles\" data-wp-on--click=\"actions.showLightbox\" data-wp-on--load=\"callbacks.setButtonStyles\" data-wp-on-window--resize=\"callbacks.setButtonStyles\" data-id=\"1226\" src=\"https:\/\/martiresparroquiasanpiox.org\/wp-content\/uploads\/2024\/10\/maria-teresa-y-sus-hijas-martires-cartas-de-maria-jesus-a-su-madre-y-hermanos-1936-11-junio-2-694x1024.png\" alt=\"Mar&#xED;a Teresa e le sue figlie martiri - Parrocchia San Pio X di Algemes&#xED; Valencia - da Suor Mar&#xED;a Jes&#xFA;s Masi&#xE1; alla madre e ai fratelli 1936 11 giugno\" class=\"wp-image-1226\" srcset=\"https:\/\/martiresparroquiasanpiox.org\/wp-content\/uploads\/2024\/10\/maria-teresa-y-sus-hijas-martires-cartas-de-maria-jesus-a-su-madre-y-hermanos-1936-11-junio-2-694x1024.png 694w, https:\/\/martiresparroquiasanpiox.org\/wp-content\/uploads\/2024\/10\/maria-teresa-y-sus-hijas-martires-cartas-de-maria-jesus-a-su-madre-y-hermanos-1936-11-junio-2-203x300.png 203w, https:\/\/martiresparroquiasanpiox.org\/wp-content\/uploads\/2024\/10\/maria-teresa-y-sus-hijas-martires-cartas-de-maria-jesus-a-su-madre-y-hermanos-1936-11-junio-2.png 732w\" sizes=\"auto, (max-width: 694px) 100vw, 694px\" \/><button\n\t\t\tclass=\"lightbox-trigger\"\n\t\t\ttype=\"button\"\n\t\t\taria-haspopup=\"dialog\"\n\t\t\taria-label=\"Ingrandisci\"\n\t\t\tdata-wp-init=\"callbacks.initTriggerButton\"\n\t\t\tdata-wp-on--click=\"actions.showLightbox\"\n\t\t\tdata-wp-style--right=\"state.imageButtonRight\"\n\t\t\tdata-wp-style--top=\"state.imageButtonTop\"\n\t\t>\n\t\t\t<svg xmlns=\"http:\/\/www.w3.org\/2000\/svg\" width=\"12\" height=\"12\" fill=\"none\" viewBox=\"0 0 12 12\">\n\t\t\t\t<path fill=\"#fff\" d=\"M2 0a2 2 0 0 0-2 2v2h1.5V2a.5.5 0 0 1 .5-.5h2V0H2Zm2 10.5H2a.5.5 0 0 1-.5-.5V8H0v2a2 2 0 0 0 2 2h2v-1.5ZM8 12v-1.5h2a.5.5 0 0 0 .5-.5V8H12v2a2 2 0 0 1-2 2H8Zm2-12a2 2 0 0 1 2 2v2h-1.5V2a.5.5 0 0 0-.5-.5H8V0h2Z\" \/>\n\t\t\t<\/svg>\n\t\t<\/button><\/figure>\n<\/figure>\n\n<div style=\"height:40px\" aria-hidden=\"true\" class=\"wp-block-spacer\"><\/div>\n\n<p>+<\/p>\n\n<p>Cappuccine Agullent<\/p>\n\n<p>11 giugno 1936<\/p>\n\n<p>La mia cara madre e i miei fratelli:<\/p>\n\n<p>Due letterine per dirvi che abbiamo ricevuto la farina e la crusca o \u201cmorret\u201d. Che il Signore vi ripaghi con aumenti di beni spirituali e materiali, perch\u00e9 tutto \u00e8 necessario per vivere.<\/p>\n\n<p>La mamma scriver\u00e0 alla signora Teresa e lei glielo consegner\u00e0. Le siamo molto grati. Ringraziatela da parte mia. Ho scritto a Serafino in questi giorni. Qui tutto rimane uguale, anche se il male \u00e8 molto vicino.<\/p>\n\n<p>Ad Albaida due giorni fa mi hanno detto che sono usciti con le mazze, perch\u00e9 ci sono molti comunisti, e i ricchi sono rinchiusi in carcere. Vedi, io non so come andremo a finire.<\/p>\n\n<p>Il copricapo e la mantiglia che Suor Ver\u00f3nica ha chiesto \u00e8 per il caso in cui dovessimo assentarci un giorno, per far fare un piccolo velo, che io non ho, ma voglio la mantiglia di Mar\u00eda Vicenta. Non dico che questo accadr\u00e0, ma noi &#8211; come sapete &#8211; ovunque dovremo andare, staremo bene.<\/p>\n\n<p>Quando portate i due sacchi, disfateli, per evitare che le coperte si inquinino.<\/p>\n\n<p>I miei saluti dalla Reverenda Madre Badessa e dalla comunit\u00e0, quelli che partecipano per tutta la famiglia, Bautista, Purificaci\u00f3n, Josefa e Felicidad e Mar\u00eda Vicenta, e tanti baci per il mio Juan\u00edn, che presto sar\u00e0 il suo santo.<\/p>\n\n<p>Addio, cara mamma, ricevi un grande abbraccio da questa tua figlia che ti ama con tutto il cuore e non ti dimentica mai.<\/p>\n\n<p>Suor Mar\u00eda Jes\u00fas Masi\u00e1<\/p>\n\n<div style=\"height:40px\" aria-hidden=\"true\" class=\"wp-block-spacer\"><\/div>\n","protected":false},"excerpt":{"rendered":"<p>Lettere di suor Maria Jesus Masia 10 ottobre 1920, alla madre e alla sorella + Cappuccine di Agullent Mia carissima madre e sorella: La presente &hellip;<\/p>\n","protected":false},"author":1,"featured_media":244,"parent":2845,"menu_order":0,"comment_status":"closed","ping_status":"closed","template":"","meta":{"footnotes":""},"class_list":["post-3054","page","type-page","status-publish","has-post-thumbnail","hentry"],"_links":{"self":[{"href":"https:\/\/martiresparroquiasanpiox.org\/it\/wp-json\/wp\/v2\/pages\/3054","targetHints":{"allow":["GET"]}}],"collection":[{"href":"https:\/\/martiresparroquiasanpiox.org\/it\/wp-json\/wp\/v2\/pages"}],"about":[{"href":"https:\/\/martiresparroquiasanpiox.org\/it\/wp-json\/wp\/v2\/types\/page"}],"author":[{"embeddable":true,"href":"https:\/\/martiresparroquiasanpiox.org\/it\/wp-json\/wp\/v2\/users\/1"}],"replies":[{"embeddable":true,"href":"https:\/\/martiresparroquiasanpiox.org\/it\/wp-json\/wp\/v2\/comments?post=3054"}],"version-history":[{"count":2,"href":"https:\/\/martiresparroquiasanpiox.org\/it\/wp-json\/wp\/v2\/pages\/3054\/revisions"}],"predecessor-version":[{"id":3426,"href":"https:\/\/martiresparroquiasanpiox.org\/it\/wp-json\/wp\/v2\/pages\/3054\/revisions\/3426"}],"up":[{"embeddable":true,"href":"https:\/\/martiresparroquiasanpiox.org\/it\/wp-json\/wp\/v2\/pages\/2845"}],"wp:featuredmedia":[{"embeddable":true,"href":"https:\/\/martiresparroquiasanpiox.org\/it\/wp-json\/wp\/v2\/media\/244"}],"wp:attachment":[{"href":"https:\/\/martiresparroquiasanpiox.org\/it\/wp-json\/wp\/v2\/media?parent=3054"}],"curies":[{"name":"wp","href":"https:\/\/api.w.org\/{rel}","templated":true}]}}